{"id":14,"date":"2026-01-17T17:21:47","date_gmt":"2026-01-17T17:21:47","guid":{"rendered":"https:\/\/observatoireduvaldesos.fr\/?page_id=14"},"modified":"2026-03-01T20:47:21","modified_gmt":"2026-03-01T20:47:21","slug":"about-us","status":"publish","type":"page","link":"https:\/\/observatoireduvaldesos.fr\/","title":{"rendered":"Accueil"},"content":{"rendered":"\n<p><strong><mark style=\"background-color:rgba(0, 0, 0, 0)\" class=\"has-inline-color has-black-color\">OBSERVATOIRE EN COURS DE CONSTRUCTION \/ OUVERTURE PREVUE POUR 2027<\/mark><\/strong><\/p>\n\n\n\n<p class=\"has-text-align-left\"><strong><mark style=\"background-color:rgba(0, 0, 0, 0)\" class=\"has-inline-color has-luminous-vivid-orange-color\">L&rsquo;Observatoire Astronomique du Val-de-Sos pourra accueillir jusqu&rsquo;\u00e0 19 personnes. Il sera compos\u00e9 d&rsquo;une salle de conf\u00e9rence (accessible PMR), d&rsquo;une plateforme d\u2019observation ext\u00e9rieure (accessible PMR) avec 14 instruments mobiles et d&rsquo;un espace d&rsquo;observation \u00e0 l&rsquo;\u00e9tage avec toit ouvrant, comprenant de 2 t\u00e9lescopes et 2 lunettes fixes. L&rsquo;ouverture officielle est pr\u00e9vue pour 2027. En attendant, les prestations sont assur\u00e9es en nomade dans la vall\u00e9e.<\/mark><\/strong><\/p>\n\n\n\n<ul class=\"wp-block-list\">\n<li><mark style=\"background-color:rgba(0, 0, 0, 0)\" class=\"has-inline-color has-black-color\"><strong>Localisation de l&rsquo;observatoire : Vicdessos (Val-de-Sos), \u00e0 20 minutes en voiture de Tarascon-sur-Ari\u00e8ge<\/strong><\/mark><\/li>\n\n\n\n<li><strong><mark style=\"background-color:rgba(0, 0, 0, 0)\" class=\"has-inline-color has-black-color\">Parkings publics dans le village de Vicdessos, mairie, poste, halle au march\u00e9, \u00e9glise&#8230;.<\/mark><\/strong><\/li>\n\n\n\n<li><strong><mark style=\"background-color:rgba(0, 0, 0, 0)\" class=\"has-inline-color has-black-color\">Parking PMR unique \u00e0 l&rsquo;observatoire<\/mark><\/strong><\/li>\n<\/ul>\n\n\n\n<figure class=\"wp-block-image size-large is-resized\"><img loading=\"lazy\" decoding=\"async\" width=\"1024\" height=\"664\" src=\"https:\/\/observatoireduvaldesos.fr\/wp-content\/uploads\/2026\/02\/localisation-2-1024x664.jpg?v=1770216699\" alt=\"\" class=\"wp-image-914\" style=\"width:1100px;height:auto\" srcset=\"https:\/\/observatoireduvaldesos.fr\/wp-content\/uploads\/2026\/02\/localisation-2-1024x664.jpg?v=1770216699 1024w, https:\/\/observatoireduvaldesos.fr\/wp-content\/uploads\/2026\/02\/localisation-2-300x195.jpg?v=1770216699 300w, https:\/\/observatoireduvaldesos.fr\/wp-content\/uploads\/2026\/02\/localisation-2-768x498.jpg?v=1770216699 768w, https:\/\/observatoireduvaldesos.fr\/wp-content\/uploads\/2026\/02\/localisation-2-600x389.jpg?v=1770216699 600w, https:\/\/observatoireduvaldesos.fr\/wp-content\/uploads\/2026\/02\/localisation-2.jpg?v=1770216699 1372w\" sizes=\"auto, (max-width: 1024px) 100vw, 1024px\" \/><\/figure>\n\n\n\n<p class=\"has-text-align-left\"><strong><mark style=\"background-color:rgba(0, 0, 0, 0)\" class=\"has-inline-color has-luminous-vivid-orange-color\">Les atouts de l\u2019Observatoire Astronomique du Val-de-Sos :<br><\/mark><\/strong><mark style=\"background-color:rgba(0, 0, 0, 0)\" class=\"has-inline-color has-black-color\"><strong>&#8211; Desservir toute la Haute-Ari\u00e8ge<br>&#8211; \u00catre <strong>facilement<\/strong><\/strong> <strong>accessible et ouvert toute l&rsquo;ann\u00e9e aux locaux, touristes, scolaires, enseignants<br>&#8211; Offrir des observations aux groupes scolaires dans les \u00e9tablissements (mat\u00e9riel mobile)<br>&#8211; Offrir un acc\u00e8s PMR avec une plate-forme et des t\u00e9lescopes mobiles<br>&#8211; Mettre \u00e0 disposition 12 t\u00e9lescopes de 360 \u00e0 800 mm, 4 lunettes solaires et 2 coronographes<br>&#8211; Devenir l\u2019observatoire sp\u00e9cialis\u00e9 sur l\u2019observation solaire \u00e0 haute r\u00e9solution (collaboration avec le CNRS de Grenoble et l\u2019observatoire de Paris Meudon) : instrumentation unique en France pour le public<\/strong><\/mark><\/p>\n\n\n\n<p class=\"has-text-align-left\"><strong><mark style=\"background-color:rgba(0, 0, 0, 0)\" class=\"has-inline-color has-luminous-vivid-orange-color\">Autres sp\u00e9cificit\u00e9s OAVS :<br><\/mark><mark style=\"background-color:rgba(0, 0, 0, 0)\" class=\"has-inline-color has-black-color\">&#8211; Un appareil photo num\u00e9rique et une cam\u00e9ra sont coupl\u00e9s au t\u00e9lescope, ce qui permet au public de repartir avec des images HD<br>&#8211; Une assistance technique et la possibilit\u00e9 de contr\u00f4ler et de retoucher les optiques des instruments d\u2019astronomie<br>&#8211; Des ateliers de prise en main du mat\u00e9riel astronomique ou photographique, des ateliers sur le traitement d\u2019images ainsi que l&rsquo;assistance et la mise en \u0153uvre des instruments chez les particuliers<\/mark><\/strong><\/p>\n\n\n\n<p class=\"has-text-align-left\"><mark style=\"background-color:rgba(0, 0, 0, 0)\" class=\"has-inline-color has-luminous-vivid-orange-color\"><strong>Le projet d&rsquo;observatoire s&rsquo;inscrit dans le cadre de l&rsquo;attraction touristique de l\u2019Ari\u00e8ge<\/strong> <strong>et plus sp\u00e9cifiquement la Haute-Ari\u00e8ge, en permettant une diversification des activit\u00e9s, une offre 100% nature<\/strong> <strong>accessible toute l\u2019ann\u00e9e !<\/strong><\/mark><\/p>\n\n\n\n<p><strong><mark style=\"background-color:rgba(0, 0, 0, 0)\" class=\"has-inline-color has-black-color\">Lien vers la cagnotte en ligne pour ceux qui souhaiteraient participer au projet de construction de l&rsquo;observatoire :<\/mark><\/strong><\/p>\n\n\n\n<p><a href=\"https:\/\/www.we-solidaire.com\/fr\/collecte\/creation-de-l-observatoire-astronomique-du-val-de-sos?fbclid=IwY2xjawPhsstleHRuA2FlbQIxMQBicmlkETBVcjlyOUgzT3RvOWlMbmU2c3J0YwZhcHBfaWQQMjIyMDM5MTc4ODIwMDg5MgABHqK3OMhgcbK2YY4IgG4T_YfKffb56nCTFmDU7hREtxI6D4H_4BhQGD16Ercl_aem_ymyNOI4VlzWhphLkteCvng\">Description du projet \/ Participation \u00e0 la cagnotte<\/a><\/p>\n\n\n\n<p><\/p>\n","protected":false},"excerpt":{"rendered":"<p>OBSERVATOIRE EN COURS DE CONSTRUCTION \/ OUVERTURE PREVUE POUR 2027 L&rsquo;Observatoire Astronomique du Val-de-Sos pourra accueillir jusqu&rsquo;\u00e0 19 personnes. Il sera compos\u00e9 d&rsquo;une salle de conf\u00e9rence (accessible PMR), d&rsquo;une plateforme [&hellip;]<\/p>\n","protected":false},"author":1,"featured_media":0,"parent":0,"menu_order":0,"comment_status":"closed","ping_status":"closed","template":"","meta":{"footnotes":""},"class_list":["post-14","page","type-page","status-publish","hentry"],"yoast_head":"<!-- This site is optimized with the Yoast SEO plugin v27.0 - https:\/\/yoast.com\/product\/yoast-seo-wordpress\/ -->\n<title>Accueil - OAVS<\/title>\n<meta name=\"description\" content=\"Rejoignez-moi \u00e0 l&#039;Accueil observatoire val de sos pour explorer les merveilles de l&#039;astronomie et de la photographie.\" \/>\n<meta name=\"robots\" content=\"index, follow, max-snippet:-1, max-image-preview:large, max-video-preview:-1\" \/>\n<link rel=\"canonical\" href=\"https:\/\/observatoireduvaldesos.fr\/\" \/>\n<meta property=\"og:locale\" content=\"fr_FR\" \/>\n<meta property=\"og:type\" content=\"article\" \/>\n<meta property=\"og:title\" content=\"OAVS-Observatoire astronomique\" \/>\n<meta property=\"og:description\" content=\"Accueil observatoire astronomique val de sos haute ari\u00e8ge avec Philippe TOSI\" \/>\n<meta property=\"og:url\" content=\"https:\/\/observatoireduvaldesos.fr\/\" \/>\n<meta property=\"og:site_name\" content=\"OAVS\" \/>\n<meta property=\"article:modified_time\" content=\"2026-03-01T20:47:21+00:00\" \/>\n<meta property=\"og:image\" content=\"https:\/\/observatoireduvaldesos.fr\/wp-content\/uploads\/2026\/01\/cropped-Nouveau-LOGO-scaled-1.jpg\" \/>\n\t<meta property=\"og:image:width\" content=\"512\" \/>\n\t<meta property=\"og:image:height\" content=\"512\" \/>\n\t<meta property=\"og:image:type\" content=\"image\/jpeg\" \/>\n<meta name=\"twitter:card\" content=\"summary_large_image\" \/>\n<meta name=\"twitter:label1\" content=\"Dur\u00e9e de lecture estim\u00e9e\" \/>\n\t<meta name=\"twitter:data1\" content=\"2 minutes\" \/>\n<script type=\"application\/ld+json\" class=\"yoast-schema-graph\">{\"@context\":\"https:\/\/schema.org\",\"@graph\":[{\"@type\":\"WebPage\",\"@id\":\"https:\/\/observatoireduvaldesos.fr\/\",\"url\":\"https:\/\/observatoireduvaldesos.fr\/\",\"name\":\"Accueil - OAVS\",\"isPartOf\":{\"@id\":\"https:\/\/observatoireduvaldesos.fr\/#website\"},\"primaryImageOfPage\":{\"@id\":\"https:\/\/observatoireduvaldesos.fr\/#primaryimage\"},\"image\":{\"@id\":\"https:\/\/observatoireduvaldesos.fr\/#primaryimage\"},\"thumbnailUrl\":\"https:\/\/observatoireduvaldesos.fr\/wp-content\/uploads\/2026\/02\/localisation-2-1024x664.jpg?v=1770216699\",\"datePublished\":\"2026-01-17T17:21:47+00:00\",\"dateModified\":\"2026-03-01T20:47:21+00:00\",\"description\":\"Rejoignez-moi \u00e0 l'Accueil observatoire val de sos pour explorer les merveilles de l'astronomie et de la photographie.\",\"breadcrumb\":{\"@id\":\"https:\/\/observatoireduvaldesos.fr\/#breadcrumb\"},\"inLanguage\":\"fr-FR\",\"potentialAction\":[{\"@type\":\"ReadAction\",\"target\":[\"https:\/\/observatoireduvaldesos.fr\/\"]}]},{\"@type\":\"ImageObject\",\"inLanguage\":\"fr-FR\",\"@id\":\"https:\/\/observatoireduvaldesos.fr\/#primaryimage\",\"url\":\"https:\/\/observatoireduvaldesos.fr\/wp-content\/uploads\/2026\/02\/localisation-2.jpg?v=1770216699\",\"contentUrl\":\"https:\/\/observatoireduvaldesos.fr\/wp-content\/uploads\/2026\/02\/localisation-2.jpg?v=1770216699\",\"width\":1372,\"height\":890},{\"@type\":\"BreadcrumbList\",\"@id\":\"https:\/\/observatoireduvaldesos.fr\/#breadcrumb\",\"itemListElement\":[{\"@type\":\"ListItem\",\"position\":1,\"name\":\"Accueil\",\"item\":\"https:\/\/observatoireduvaldesos.fr\/\"},{\"@type\":\"ListItem\",\"position\":2,\"name\":\"Tosi\"}]},{\"@type\":\"WebSite\",\"@id\":\"https:\/\/observatoireduvaldesos.fr\/#website\",\"url\":\"https:\/\/observatoireduvaldesos.fr\/\",\"name\":\"Observatoire Astronomique du Val-de-Sos\",\"description\":\"Observatoire Astronomique du Val-de-Sos\",\"publisher\":{\"@id\":\"https:\/\/observatoireduvaldesos.fr\/#\/schema\/person\/b31f59a9366e5780dd9f14282d8d240b\"},\"alternateName\":\"Oavs\",\"potentialAction\":[{\"@type\":\"SearchAction\",\"target\":{\"@type\":\"EntryPoint\",\"urlTemplate\":\"https:\/\/observatoireduvaldesos.fr\/?s={search_term_string}\"},\"query-input\":{\"@type\":\"PropertyValueSpecification\",\"valueRequired\":true,\"valueName\":\"search_term_string\"}}],\"inLanguage\":\"fr-FR\"},{\"@type\":[\"Person\",\"Organization\"],\"@id\":\"https:\/\/observatoireduvaldesos.fr\/#\/schema\/person\/b31f59a9366e5780dd9f14282d8d240b\",\"name\":\"admin8189\",\"image\":{\"@type\":\"ImageObject\",\"inLanguage\":\"fr-FR\",\"@id\":\"https:\/\/observatoireduvaldesos.fr\/#\/schema\/person\/image\/\",\"url\":\"https:\/\/observatoireduvaldesos.fr\/wp-content\/uploads\/2026\/01\/cropped-Nouveau-LOGO-scaled-1.jpg\",\"contentUrl\":\"https:\/\/observatoireduvaldesos.fr\/wp-content\/uploads\/2026\/01\/cropped-Nouveau-LOGO-scaled-1.jpg\",\"width\":512,\"height\":512,\"caption\":\"admin8189\"},\"logo\":{\"@id\":\"https:\/\/observatoireduvaldesos.fr\/#\/schema\/person\/image\/\"},\"sameAs\":[\"http:\/\/observatoireduvaldesos.fr\"]}]}<\/script>\n<!-- \/ Yoast SEO plugin. -->","yoast_head_json":{"title":"Accueil - OAVS","description":"Rejoignez-moi \u00e0 l'Accueil observatoire val de sos pour explorer les merveilles de l'astronomie et de la photographie.","robots":{"index":"index","follow":"follow","max-snippet":"max-snippet:-1","max-image-preview":"max-image-preview:large","max-video-preview":"max-video-preview:-1"},"canonical":"https:\/\/observatoireduvaldesos.fr\/","og_locale":"fr_FR","og_type":"article","og_title":"OAVS-Observatoire astronomique","og_description":"Accueil observatoire astronomique val de sos haute ari\u00e8ge avec Philippe TOSI","og_url":"https:\/\/observatoireduvaldesos.fr\/","og_site_name":"OAVS","article_modified_time":"2026-03-01T20:47:21+00:00","og_image":[{"width":512,"height":512,"url":"https:\/\/observatoireduvaldesos.fr\/wp-content\/uploads\/2026\/01\/cropped-Nouveau-LOGO-scaled-1.jpg","type":"image\/jpeg"}],"twitter_card":"summary_large_image","twitter_misc":{"Dur\u00e9e de lecture estim\u00e9e":"2 minutes"},"schema":{"@context":"https:\/\/schema.org","@graph":[{"@type":"WebPage","@id":"https:\/\/observatoireduvaldesos.fr\/","url":"https:\/\/observatoireduvaldesos.fr\/","name":"Accueil - OAVS","isPartOf":{"@id":"https:\/\/observatoireduvaldesos.fr\/#website"},"primaryImageOfPage":{"@id":"https:\/\/observatoireduvaldesos.fr\/#primaryimage"},"image":{"@id":"https:\/\/observatoireduvaldesos.fr\/#primaryimage"},"thumbnailUrl":"https:\/\/observatoireduvaldesos.fr\/wp-content\/uploads\/2026\/02\/localisation-2-1024x664.jpg?v=1770216699","datePublished":"2026-01-17T17:21:47+00:00","dateModified":"2026-03-01T20:47:21+00:00","description":"Rejoignez-moi \u00e0 l'Accueil observatoire val de sos pour explorer les merveilles de l'astronomie et de la photographie.","breadcrumb":{"@id":"https:\/\/observatoireduvaldesos.fr\/#breadcrumb"},"inLanguage":"fr-FR","potentialAction":[{"@type":"ReadAction","target":["https:\/\/observatoireduvaldesos.fr\/"]}]},{"@type":"ImageObject","inLanguage":"fr-FR","@id":"https:\/\/observatoireduvaldesos.fr\/#primaryimage","url":"https:\/\/observatoireduvaldesos.fr\/wp-content\/uploads\/2026\/02\/localisation-2.jpg?v=1770216699","contentUrl":"https:\/\/observatoireduvaldesos.fr\/wp-content\/uploads\/2026\/02\/localisation-2.jpg?v=1770216699","width":1372,"height":890},{"@type":"BreadcrumbList","@id":"https:\/\/observatoireduvaldesos.fr\/#breadcrumb","itemListElement":[{"@type":"ListItem","position":1,"name":"Accueil","item":"https:\/\/observatoireduvaldesos.fr\/"},{"@type":"ListItem","position":2,"name":"Tosi"}]},{"@type":"WebSite","@id":"https:\/\/observatoireduvaldesos.fr\/#website","url":"https:\/\/observatoireduvaldesos.fr\/","name":"Observatoire Astronomique du Val-de-Sos","description":"Observatoire Astronomique du Val-de-Sos","publisher":{"@id":"https:\/\/observatoireduvaldesos.fr\/#\/schema\/person\/b31f59a9366e5780dd9f14282d8d240b"},"alternateName":"Oavs","potentialAction":[{"@type":"SearchAction","target":{"@type":"EntryPoint","urlTemplate":"https:\/\/observatoireduvaldesos.fr\/?s={search_term_string}"},"query-input":{"@type":"PropertyValueSpecification","valueRequired":true,"valueName":"search_term_string"}}],"inLanguage":"fr-FR"},{"@type":["Person","Organization"],"@id":"https:\/\/observatoireduvaldesos.fr\/#\/schema\/person\/b31f59a9366e5780dd9f14282d8d240b","name":"admin8189","image":{"@type":"ImageObject","inLanguage":"fr-FR","@id":"https:\/\/observatoireduvaldesos.fr\/#\/schema\/person\/image\/","url":"https:\/\/observatoireduvaldesos.fr\/wp-content\/uploads\/2026\/01\/cropped-Nouveau-LOGO-scaled-1.jpg","contentUrl":"https:\/\/observatoireduvaldesos.fr\/wp-content\/uploads\/2026\/01\/cropped-Nouveau-LOGO-scaled-1.jpg","width":512,"height":512,"caption":"admin8189"},"logo":{"@id":"https:\/\/observatoireduvaldesos.fr\/#\/schema\/person\/image\/"},"sameAs":["http:\/\/observatoireduvaldesos.fr"]}]}},"_links":{"self":[{"href":"https:\/\/observatoireduvaldesos.fr\/index.php\/wp-json\/wp\/v2\/pages\/14","targetHints":{"allow":["GET"]}}],"collection":[{"href":"https:\/\/observatoireduvaldesos.fr\/index.php\/wp-json\/wp\/v2\/pages"}],"about":[{"href":"https:\/\/observatoireduvaldesos.fr\/index.php\/wp-json\/wp\/v2\/types\/page"}],"author":[{"embeddable":true,"href":"https:\/\/observatoireduvaldesos.fr\/index.php\/wp-json\/wp\/v2\/users\/1"}],"replies":[{"embeddable":true,"href":"https:\/\/observatoireduvaldesos.fr\/index.php\/wp-json\/wp\/v2\/comments?post=14"}],"version-history":[{"count":51,"href":"https:\/\/observatoireduvaldesos.fr\/index.php\/wp-json\/wp\/v2\/pages\/14\/revisions"}],"predecessor-version":[{"id":948,"href":"https:\/\/observatoireduvaldesos.fr\/index.php\/wp-json\/wp\/v2\/pages\/14\/revisions\/948"}],"wp:attachment":[{"href":"https:\/\/observatoireduvaldesos.fr\/index.php\/wp-json\/wp\/v2\/media?parent=14"}],"curies":[{"name":"wp","href":"https:\/\/api.w.org\/{rel}","templated":true}]}}