{"id":324,"date":"2026-01-23T13:56:48","date_gmt":"2026-01-23T13:56:48","guid":{"rendered":"https:\/\/observatoireduvaldesos.fr\/?page_id=324"},"modified":"2026-03-01T20:46:14","modified_gmt":"2026-03-01T20:46:14","slug":"qui-suis-je","status":"publish","type":"page","link":"https:\/\/observatoireduvaldesos.fr\/index.php\/qui-suis-je\/","title":{"rendered":"Qui suis-je ?"},"content":{"rendered":"\n<p class=\"has-text-align-left\"><mark style=\"font-weight: bold; background-color: rgba(0, 0, 0, 0);\" class=\"has-inline-color has-black-color\">Philippe TOSI, originaire de Vicdessos, j\u2019ai d\u00e9but\u00e9 en astronomie \u00e0 l\u2019\u00e2ge de 10 ans<\/mark><mark style=\"background-color:rgba(0, 0, 0, 0)\" class=\"has-inline-color has-black-color\">. <strong>\u00c0<\/strong><\/mark><strong><mark style=\"background-color:rgba(0, 0, 0, 0)\" class=\"has-inline-color has-black-color\">14 ans, je commen\u00e7ais la construction d\u2019un t\u00e9lescope Newton \u00e9quatorial de 210 mm<\/mark><\/strong> <strong><mark style=\"background-color:rgba(0, 0, 0, 0)\" class=\"has-inline-color has-black-color\">de diam\u00e8tre<\/mark>.<\/strong> <strong><mark style=\"background-color:rgba(0, 0, 0, 0)\" class=\"has-inline-color has-black-color\">Depuis, j\u2019ai r\u00e9alis\u00e9 une cinquantaine d\u2019instruments de diam\u00e8tres, de focales et de configurations optiques diff\u00e9rentes. <\/mark><\/strong><\/p>\n\n\n\n<p class=\"has-text-align-left\"><strong><mark style=\"background-color:rgba(0, 0, 0, 0)\" class=\"has-inline-color has-black-color\">Animateur au sein d&rsquo;un plan\u00e9tarium pendant 27 ann\u00e9es&nbsp;durant lesquelles j\u2019ai con\u00e7u et pr\u00e9sent\u00e9 des s\u00e9ances pour le public et les groupes scolaires, j&rsquo;ai organis\u00e9 diverses soir\u00e9es d\u2019observation du ciel au t\u00e9lescope en Ari\u00e8ge (constellations, plan\u00e8tes, n\u00e9buleuses et galaxies) mais \u00e9galement des matin\u00e9es d\u2019observation du soleil (protub\u00e9rances et taches) en partenariat avec l&rsquo;office de tourisme de Tarascon-sur-Ari\u00e8ge, le Parc Naturel R\u00e9gional ainsi que des collaborations avec des partenaires locaux : le Dahu ari\u00e9geois, les campings de la Bexanelle, du Malaz\u00e9ou, de l\u2019Arize, la maison des patrimoines d\u2019Auzat, le centre de loisirs de Suc, etc..<\/mark><\/strong><\/p>\n\n\n\n<p class=\"has-text-align-left\"><strong><mark style=\"background-color:rgba(0, 0, 0, 0)\" class=\"has-inline-color has-black-color\">Passionn\u00e9 de photographie, je me suis fait conna\u00eetre au moyen d\u2019expositions et de conf\u00e9rences.<\/mark><\/strong> <strong><mark style=\"background-color:rgba(0, 0, 0, 0)\" class=\"has-inline-color has-black-color\">R\u00e9guli\u00e8rement publi\u00e9 dans les revues <em>Ciel et espace<\/em> et <em>Astrosurf magazine<\/em>, j\u2019\u00e9cris \u00e9galement des articles sur les techniques de prise de vue et sur la construction d\u2019instruments. <\/mark><\/strong><\/p>\n\n\n\n<p class=\"has-text-align-left\"><strong><mark style=\"background-color:rgba(0, 0, 0, 0)\" class=\"has-inline-color has-black-color\">Je suis actuellement en train de fonder l&rsquo;Observatoire Astronomique du Val-de-Sos (OAVS) en Haute-Ari\u00e8ge<\/mark> <mark style=\"background-color:rgba(0, 0, 0, 0)\" class=\"has-inline-color has-black-color\">qui ouvrira en 2027 : la construction du b\u00e2timent est en cours !<\/mark><\/strong><\/p>\n\n\n\n<figure class=\"wp-block-image size-large\"><img loading=\"lazy\" decoding=\"async\" width=\"1024\" height=\"692\" src=\"https:\/\/observatoireduvaldesos.fr\/wp-content\/uploads\/2026\/01\/Lunette-solaire-2-1024x692.jpg\" alt=\"\" class=\"wp-image-328\" srcset=\"https:\/\/observatoireduvaldesos.fr\/wp-content\/uploads\/2026\/01\/Lunette-solaire-2-1024x692.jpg 1024w, https:\/\/observatoireduvaldesos.fr\/wp-content\/uploads\/2026\/01\/Lunette-solaire-2-300x203.jpg 300w, https:\/\/observatoireduvaldesos.fr\/wp-content\/uploads\/2026\/01\/Lunette-solaire-2-768x519.jpg 768w, https:\/\/observatoireduvaldesos.fr\/wp-content\/uploads\/2026\/01\/Lunette-solaire-2-1536x1038.jpg 1536w, https:\/\/observatoireduvaldesos.fr\/wp-content\/uploads\/2026\/01\/Lunette-solaire-2.jpg 2048w\" sizes=\"auto, (max-width: 1024px) 100vw, 1024px\" \/><\/figure>\n\n\n\n<p><\/p>\n","protected":false},"excerpt":{"rendered":"<p>Philippe TOSI, originaire de Vicdessos, j\u2019ai d\u00e9but\u00e9 en astronomie \u00e0 l\u2019\u00e2ge de 10 ans. \u00c014 ans, je commen\u00e7ais la construction d\u2019un t\u00e9lescope Newton \u00e9quatorial de 210 mm de diam\u00e8tre. Depuis, [&hellip;]<\/p>\n","protected":false},"author":1,"featured_media":0,"parent":0,"menu_order":0,"comment_status":"closed","ping_status":"closed","template":"","meta":{"footnotes":""},"class_list":["post-324","page","type-page","status-publish","hentry"],"yoast_head":"<!-- This site is optimized with the Yoast SEO plugin v27.0 - https:\/\/yoast.com\/product\/yoast-seo-wordpress\/ -->\n<title>Qui suis-je ? - OAVS<\/title>\n<meta name=\"description\" content=\"Observatoire Astronomique du val de sos\" \/>\n<meta name=\"robots\" content=\"index, follow, max-snippet:-1, max-image-preview:large, max-video-preview:-1\" \/>\n<link rel=\"canonical\" href=\"https:\/\/observatoireduvaldesos.fr\/index.php\/qui-suis-je\/\" \/>\n<meta property=\"og:locale\" content=\"fr_FR\" \/>\n<meta property=\"og:type\" content=\"article\" \/>\n<meta property=\"og:title\" content=\"Qui suis-je ? - OAVS\" \/>\n<meta property=\"og:description\" content=\"Observatoire Astronomique du val de sos\" \/>\n<meta property=\"og:url\" content=\"https:\/\/observatoireduvaldesos.fr\/index.php\/qui-suis-je\/\" \/>\n<meta property=\"og:site_name\" content=\"OAVS\" \/>\n<meta property=\"article:modified_time\" content=\"2026-03-01T20:46:14+00:00\" \/>\n<meta property=\"og:image\" content=\"https:\/\/observatoireduvaldesos.fr\/wp-content\/uploads\/2026\/01\/Lunette-solaire-2.jpg\" \/>\n\t<meta property=\"og:image:width\" content=\"2048\" \/>\n\t<meta property=\"og:image:height\" content=\"1384\" \/>\n\t<meta property=\"og:image:type\" content=\"image\/jpeg\" \/>\n<meta name=\"twitter:card\" content=\"summary_large_image\" \/>\n<meta name=\"twitter:label1\" content=\"Dur\u00e9e de lecture estim\u00e9e\" \/>\n\t<meta name=\"twitter:data1\" content=\"2 minutes\" \/>\n<script type=\"application\/ld+json\" class=\"yoast-schema-graph\">{\"@context\":\"https:\/\/schema.org\",\"@graph\":[{\"@type\":\"WebPage\",\"@id\":\"https:\/\/observatoireduvaldesos.fr\/index.php\/qui-suis-je\/\",\"url\":\"https:\/\/observatoireduvaldesos.fr\/index.php\/qui-suis-je\/\",\"name\":\"Qui suis-je ? - OAVS\",\"isPartOf\":{\"@id\":\"https:\/\/observatoireduvaldesos.fr\/#website\"},\"primaryImageOfPage\":{\"@id\":\"https:\/\/observatoireduvaldesos.fr\/index.php\/qui-suis-je\/#primaryimage\"},\"image\":{\"@id\":\"https:\/\/observatoireduvaldesos.fr\/index.php\/qui-suis-je\/#primaryimage\"},\"thumbnailUrl\":\"https:\/\/observatoireduvaldesos.fr\/wp-content\/uploads\/2026\/01\/Lunette-solaire-2-1024x692.jpg\",\"datePublished\":\"2026-01-23T13:56:48+00:00\",\"dateModified\":\"2026-03-01T20:46:14+00:00\",\"description\":\"Observatoire Astronomique du val de sos\",\"breadcrumb\":{\"@id\":\"https:\/\/observatoireduvaldesos.fr\/index.php\/qui-suis-je\/#breadcrumb\"},\"inLanguage\":\"fr-FR\",\"potentialAction\":[{\"@type\":\"ReadAction\",\"target\":[\"https:\/\/observatoireduvaldesos.fr\/index.php\/qui-suis-je\/\"]}]},{\"@type\":\"ImageObject\",\"inLanguage\":\"fr-FR\",\"@id\":\"https:\/\/observatoireduvaldesos.fr\/index.php\/qui-suis-je\/#primaryimage\",\"url\":\"https:\/\/observatoireduvaldesos.fr\/wp-content\/uploads\/2026\/01\/Lunette-solaire-2.jpg\",\"contentUrl\":\"https:\/\/observatoireduvaldesos.fr\/wp-content\/uploads\/2026\/01\/Lunette-solaire-2.jpg\",\"width\":2048,\"height\":1384},{\"@type\":\"BreadcrumbList\",\"@id\":\"https:\/\/observatoireduvaldesos.fr\/index.php\/qui-suis-je\/#breadcrumb\",\"itemListElement\":[{\"@type\":\"ListItem\",\"position\":1,\"name\":\"Accueil\",\"item\":\"https:\/\/observatoireduvaldesos.fr\/\"},{\"@type\":\"ListItem\",\"position\":2,\"name\":\"Qui suis-je ?\"}]},{\"@type\":\"WebSite\",\"@id\":\"https:\/\/observatoireduvaldesos.fr\/#website\",\"url\":\"https:\/\/observatoireduvaldesos.fr\/\",\"name\":\"Observatoire Astronomique du Val-de-Sos\",\"description\":\"Observatoire Astronomique du Val-de-Sos\",\"publisher\":{\"@id\":\"https:\/\/observatoireduvaldesos.fr\/#\/schema\/person\/b31f59a9366e5780dd9f14282d8d240b\"},\"alternateName\":\"Oavs\",\"potentialAction\":[{\"@type\":\"SearchAction\",\"target\":{\"@type\":\"EntryPoint\",\"urlTemplate\":\"https:\/\/observatoireduvaldesos.fr\/?s={search_term_string}\"},\"query-input\":{\"@type\":\"PropertyValueSpecification\",\"valueRequired\":true,\"valueName\":\"search_term_string\"}}],\"inLanguage\":\"fr-FR\"},{\"@type\":[\"Person\",\"Organization\"],\"@id\":\"https:\/\/observatoireduvaldesos.fr\/#\/schema\/person\/b31f59a9366e5780dd9f14282d8d240b\",\"name\":\"admin8189\",\"image\":{\"@type\":\"ImageObject\",\"inLanguage\":\"fr-FR\",\"@id\":\"https:\/\/observatoireduvaldesos.fr\/#\/schema\/person\/image\/\",\"url\":\"https:\/\/observatoireduvaldesos.fr\/wp-content\/uploads\/2026\/01\/cropped-Nouveau-LOGO-scaled-1.jpg\",\"contentUrl\":\"https:\/\/observatoireduvaldesos.fr\/wp-content\/uploads\/2026\/01\/cropped-Nouveau-LOGO-scaled-1.jpg\",\"width\":512,\"height\":512,\"caption\":\"admin8189\"},\"logo\":{\"@id\":\"https:\/\/observatoireduvaldesos.fr\/#\/schema\/person\/image\/\"},\"sameAs\":[\"http:\/\/observatoireduvaldesos.fr\"]}]}<\/script>\n<!-- \/ Yoast SEO plugin. -->","yoast_head_json":{"title":"Qui suis-je ? - OAVS","description":"Observatoire Astronomique du val de sos","robots":{"index":"index","follow":"follow","max-snippet":"max-snippet:-1","max-image-preview":"max-image-preview:large","max-video-preview":"max-video-preview:-1"},"canonical":"https:\/\/observatoireduvaldesos.fr\/index.php\/qui-suis-je\/","og_locale":"fr_FR","og_type":"article","og_title":"Qui suis-je ? - OAVS","og_description":"Observatoire Astronomique du val de sos","og_url":"https:\/\/observatoireduvaldesos.fr\/index.php\/qui-suis-je\/","og_site_name":"OAVS","article_modified_time":"2026-03-01T20:46:14+00:00","og_image":[{"width":2048,"height":1384,"url":"https:\/\/observatoireduvaldesos.fr\/wp-content\/uploads\/2026\/01\/Lunette-solaire-2.jpg","type":"image\/jpeg"}],"twitter_card":"summary_large_image","twitter_misc":{"Dur\u00e9e de lecture estim\u00e9e":"2 minutes"},"schema":{"@context":"https:\/\/schema.org","@graph":[{"@type":"WebPage","@id":"https:\/\/observatoireduvaldesos.fr\/index.php\/qui-suis-je\/","url":"https:\/\/observatoireduvaldesos.fr\/index.php\/qui-suis-je\/","name":"Qui suis-je ? - OAVS","isPartOf":{"@id":"https:\/\/observatoireduvaldesos.fr\/#website"},"primaryImageOfPage":{"@id":"https:\/\/observatoireduvaldesos.fr\/index.php\/qui-suis-je\/#primaryimage"},"image":{"@id":"https:\/\/observatoireduvaldesos.fr\/index.php\/qui-suis-je\/#primaryimage"},"thumbnailUrl":"https:\/\/observatoireduvaldesos.fr\/wp-content\/uploads\/2026\/01\/Lunette-solaire-2-1024x692.jpg","datePublished":"2026-01-23T13:56:48+00:00","dateModified":"2026-03-01T20:46:14+00:00","description":"Observatoire Astronomique du val de sos","breadcrumb":{"@id":"https:\/\/observatoireduvaldesos.fr\/index.php\/qui-suis-je\/#breadcrumb"},"inLanguage":"fr-FR","potentialAction":[{"@type":"ReadAction","target":["https:\/\/observatoireduvaldesos.fr\/index.php\/qui-suis-je\/"]}]},{"@type":"ImageObject","inLanguage":"fr-FR","@id":"https:\/\/observatoireduvaldesos.fr\/index.php\/qui-suis-je\/#primaryimage","url":"https:\/\/observatoireduvaldesos.fr\/wp-content\/uploads\/2026\/01\/Lunette-solaire-2.jpg","contentUrl":"https:\/\/observatoireduvaldesos.fr\/wp-content\/uploads\/2026\/01\/Lunette-solaire-2.jpg","width":2048,"height":1384},{"@type":"BreadcrumbList","@id":"https:\/\/observatoireduvaldesos.fr\/index.php\/qui-suis-je\/#breadcrumb","itemListElement":[{"@type":"ListItem","position":1,"name":"Accueil","item":"https:\/\/observatoireduvaldesos.fr\/"},{"@type":"ListItem","position":2,"name":"Qui suis-je ?"}]},{"@type":"WebSite","@id":"https:\/\/observatoireduvaldesos.fr\/#website","url":"https:\/\/observatoireduvaldesos.fr\/","name":"Observatoire Astronomique du Val-de-Sos","description":"Observatoire Astronomique du Val-de-Sos","publisher":{"@id":"https:\/\/observatoireduvaldesos.fr\/#\/schema\/person\/b31f59a9366e5780dd9f14282d8d240b"},"alternateName":"Oavs","potentialAction":[{"@type":"SearchAction","target":{"@type":"EntryPoint","urlTemplate":"https:\/\/observatoireduvaldesos.fr\/?s={search_term_string}"},"query-input":{"@type":"PropertyValueSpecification","valueRequired":true,"valueName":"search_term_string"}}],"inLanguage":"fr-FR"},{"@type":["Person","Organization"],"@id":"https:\/\/observatoireduvaldesos.fr\/#\/schema\/person\/b31f59a9366e5780dd9f14282d8d240b","name":"admin8189","image":{"@type":"ImageObject","inLanguage":"fr-FR","@id":"https:\/\/observatoireduvaldesos.fr\/#\/schema\/person\/image\/","url":"https:\/\/observatoireduvaldesos.fr\/wp-content\/uploads\/2026\/01\/cropped-Nouveau-LOGO-scaled-1.jpg","contentUrl":"https:\/\/observatoireduvaldesos.fr\/wp-content\/uploads\/2026\/01\/cropped-Nouveau-LOGO-scaled-1.jpg","width":512,"height":512,"caption":"admin8189"},"logo":{"@id":"https:\/\/observatoireduvaldesos.fr\/#\/schema\/person\/image\/"},"sameAs":["http:\/\/observatoireduvaldesos.fr"]}]}},"_links":{"self":[{"href":"https:\/\/observatoireduvaldesos.fr\/index.php\/wp-json\/wp\/v2\/pages\/324","targetHints":{"allow":["GET"]}}],"collection":[{"href":"https:\/\/observatoireduvaldesos.fr\/index.php\/wp-json\/wp\/v2\/pages"}],"about":[{"href":"https:\/\/observatoireduvaldesos.fr\/index.php\/wp-json\/wp\/v2\/types\/page"}],"author":[{"embeddable":true,"href":"https:\/\/observatoireduvaldesos.fr\/index.php\/wp-json\/wp\/v2\/users\/1"}],"replies":[{"embeddable":true,"href":"https:\/\/observatoireduvaldesos.fr\/index.php\/wp-json\/wp\/v2\/comments?post=324"}],"version-history":[{"count":14,"href":"https:\/\/observatoireduvaldesos.fr\/index.php\/wp-json\/wp\/v2\/pages\/324\/revisions"}],"predecessor-version":[{"id":947,"href":"https:\/\/observatoireduvaldesos.fr\/index.php\/wp-json\/wp\/v2\/pages\/324\/revisions\/947"}],"wp:attachment":[{"href":"https:\/\/observatoireduvaldesos.fr\/index.php\/wp-json\/wp\/v2\/media?parent=324"}],"curies":[{"name":"wp","href":"https:\/\/api.w.org\/{rel}","templated":true}]}}