{"id":50,"date":"2026-01-17T17:28:26","date_gmt":"2026-01-17T17:28:26","guid":{"rendered":"https:\/\/observatoireduvaldesos.fr\/?page_id=50"},"modified":"2026-04-15T19:10:31","modified_gmt":"2026-04-15T19:10:31","slug":"stages-et-soirees","status":"publish","type":"page","link":"https:\/\/observatoireduvaldesos.fr\/index.php\/stages-et-soirees\/","title":{"rendered":"Activit\u00e9s &#8211; tarifs"},"content":{"rendered":"\n<p><mark style=\"background-color:rgba(0, 0, 0, 0)\" class=\"has-inline-color has-black-color\"><strong>Toutes les activit\u00e9s propos\u00e9es sont accessibles au public (\u00e0 partir de 8 ans) et aux scolaires (\u00e0 partir du CP<\/strong>) . <strong>Les tarifs ci-dessous s&rsquo;adressent au public, pour les scolaires merci de nous contacter<\/strong>.<\/mark><\/p>\n\n\n\n<h1 class=\"wp-block-heading\"><strong><mark style=\"background-color:rgba(0, 0, 0, 0)\" class=\"has-inline-color has-luminous-vivid-orange-color\">Visites de l&rsquo;observatoire en journ\u00e9e (90 min<\/mark><\/strong><mark style=\"background-color:rgba(0, 0, 0, 0)\" class=\"has-inline-color has-luminous-vivid-orange-color\">)<\/mark> : <strong><em>adulte 10\u20ac \/ enfant 5\u20ac<\/em><\/strong><\/h1>\n\n\n\n<p><strong>\u2794 <\/strong><mark style=\"background-color:rgba(0, 0, 0, 0)\" class=\"has-inline-color has-black-color\"><strong>Pr\u00e9sentation des instruments et des images qu&rsquo;ils d\u00e9livrent<\/strong><\/mark><\/p>\n\n\n\n<h1 class=\"wp-block-heading\"><strong><mark style=\"background-color:rgba(0, 0, 0, 0)\" class=\"has-inline-color has-luminous-vivid-orange-color\">Observations (90 min \u00e0 2 heures)<\/mark><\/strong> : <em><strong>adulte 20\u20ac \/ enfant 10\u20ac<\/strong><\/em><\/h1>\n\n\n\n<p><mark style=\"background-color:rgba(0, 0, 0, 0)\" class=\"has-inline-color has-black-color\"><strong>\u2794 Nuit : n\u00e9buleuses, galaxies, plan\u00e8tes, lune et constellations<br>\u2794 Journ\u00e9e : Soleil, protub\u00e9rances et taches<\/strong><\/mark><\/p>\n\n\n\n<h1 class=\"wp-block-heading\"><strong><mark style=\"background-color:rgba(0, 0, 0, 0)\" class=\"has-inline-color has-luminous-vivid-orange-color\">Ateliers de jour (1 heure)<\/mark><\/strong> : <strong><em>adulte 10\u20ac \/ enfant 5\u20ac<\/em><\/strong><\/h1>\n\n\n\n<p><strong><mark style=\"background-color:rgba(0, 0, 0, 0)\" class=\"has-inline-color has-black-color\">\u2794 <\/mark><\/strong><mark style=\"background-color:rgba(0, 0, 0, 0)\" class=\"has-inline-color has-black-color\"><strong>D\u00e9couverte de l\u2019astronomie<\/strong><\/mark><strong><mark style=\"background-color:rgba(0, 0, 0, 0)\" class=\"has-inline-color has-black-color\"> : rep\u00e9rer les 4 points cardinaux, les mouvements de la Terre (rotation et r\u00e9volution), les phases de la Lune, les constellations en 3D, les saisons et les \u00e9clipses<\/mark><\/strong><\/p>\n\n\n\n<p><strong><mark style=\"background-color:rgba(0, 0, 0, 0)\" class=\"has-inline-color has-black-color\">\u2794 D\u00e9couverte du syst\u00e8me solaire : diff\u00e9rencier les plan\u00e8tes (gazeuses, rocheuses et naines), <strong>diff\u00e9rences entre \u00e9toiles et plan\u00e8tes, \u00e9tude des plan\u00e8tes (g\u00e9ologie, atmosph\u00e8re et satellites)<\/strong><\/mark><\/strong><\/p>\n\n\n\n<p><strong><strong><mark style=\"background-color:rgba(0, 0, 0, 0)\" class=\"has-inline-color has-black-color\">\u2794 Vie et mort des \u00e9toiles : d\u00e9couvrir la vie d\u2019une \u00e9toile (de la naissance \u00e0 la mort), \u00e9tudier les diff\u00e9rents sc\u00e9narios de mort d\u2019une \u00e9toile, aborder la th\u00e9orie du Big Bang<\/mark><\/strong><\/strong><\/p>\n\n\n\n<p><strong><strong><strong><mark style=\"background-color:rgba(0, 0, 0, 0)\" class=\"has-inline-color has-black-color\">\u2794 Optique : \u00e9volution des instruments d\u2019astronomie au travers des si\u00e8cles<\/mark><\/strong><\/strong><\/strong><\/p>\n\n\n\n<h1 class=\"wp-block-heading\"><strong><mark style=\"background-color:rgba(0, 0, 0, 0)\" class=\"has-inline-color has-luminous-vivid-orange-color\">Conf\u00e9rences 90 minutes \/ \u00e0 partir de 12 ans<\/mark><\/strong> : <strong><em>250\u20ac (nombre de places illimit\u00e9)<\/em><\/strong><\/h1>\n\n\n\n<p><mark style=\"background-color:rgba(0, 0, 0, 0)\" class=\"has-inline-color has-black-color\"><strong>\u2794 Voyage dans le syst\u00e8me solaire<br>\u2794 Vie et mort des \u00e9toiles<br>\u2794 De la Terre au Big-Bang<br>\u2794 Le ciel peut-il nous tomber sur la t\u00eate ?<\/strong><br><strong>\u2794 Les myst\u00e8res de Mars<br>\u2794 Une \u00e9toile nomm\u00e9e Soleil<br>\u2794 Les spectacles du ciel<br>\u2794 Les t\u00e9lescopes spatiaux<br>\u2794 L\u2019\u00e9volution des instruments<br>\u2794 Les galaxies<\/strong><\/mark><\/p>\n\n\n\n<h1 class=\"wp-block-heading\"><strong><mark style=\"background-color:rgba(0, 0, 0, 0)\" class=\"has-inline-color has-luminous-vivid-orange-color\">Ateliers divers<\/mark><\/strong> : <strong><em>adh\u00e9sion annuelle \/ 10 s\u00e9ances de 2h : 200\u20ac<\/em><\/strong><\/h1>\n\n\n\n<p><strong><mark style=\"background-color:rgba(0, 0, 0, 0)\" class=\"has-inline-color has-black-color\">\u2794 Club astro : Apprendre \u00e0 r\u00e9gler et \u00e0 utiliser son t\u00e9lescope (collimation) \/ <strong>Retouche de miroirs<\/strong> \/ test optiques<\/mark><\/strong><\/p>\n\n\n\n<p><mark style=\"background-color:rgba(0, 0, 0, 0)\" class=\"has-inline-color has-black-color\"><strong>\u2794 Club photo : Apprendre \u00e0 r\u00e9gler et \u00e0 utiliser son appareil photo \/ Prise de vue \/ Techniques photographiques et<br>traitement d\u2019image<\/strong> \/ <strong>Montage vid\u00e9o<\/strong> \/ <strong>Astrophotographie<\/strong><\/mark><\/p>\n\n\n\n<figure class=\"wp-block-image size-large is-resized\"><img loading=\"lazy\" decoding=\"async\" width=\"1024\" height=\"579\" src=\"https:\/\/observatoireduvaldesos.fr\/wp-content\/uploads\/2026\/01\/ccc-4-1024x579.jpg\" alt=\"\" class=\"wp-image-489\" style=\"width:1098px;height:auto\" srcset=\"https:\/\/observatoireduvaldesos.fr\/wp-content\/uploads\/2026\/01\/ccc-4-1024x579.jpg 1024w, https:\/\/observatoireduvaldesos.fr\/wp-content\/uploads\/2026\/01\/ccc-4-300x170.jpg 300w, https:\/\/observatoireduvaldesos.fr\/wp-content\/uploads\/2026\/01\/ccc-4-768x434.jpg 768w, https:\/\/observatoireduvaldesos.fr\/wp-content\/uploads\/2026\/01\/ccc-4-1536x868.jpg 1536w, https:\/\/observatoireduvaldesos.fr\/wp-content\/uploads\/2026\/01\/ccc-4.jpg 1775w\" sizes=\"auto, (max-width: 1024px) 100vw, 1024px\" \/><\/figure>\n\n\n\n<figure class=\"wp-block-image size-large is-resized\"><img loading=\"lazy\" decoding=\"async\" width=\"1024\" height=\"731\" src=\"https:\/\/observatoireduvaldesos.fr\/wp-content\/uploads\/2026\/01\/16904787640771-1024x731.jpg\" alt=\"\" class=\"wp-image-450\" style=\"aspect-ratio:1.4012181043748257;width:1100px;height:auto\" srcset=\"https:\/\/observatoireduvaldesos.fr\/wp-content\/uploads\/2026\/01\/16904787640771-1024x731.jpg 1024w, https:\/\/observatoireduvaldesos.fr\/wp-content\/uploads\/2026\/01\/16904787640771-300x214.jpg 300w, https:\/\/observatoireduvaldesos.fr\/wp-content\/uploads\/2026\/01\/16904787640771-768x548.jpg 768w, https:\/\/observatoireduvaldesos.fr\/wp-content\/uploads\/2026\/01\/16904787640771-1536x1096.jpg 1536w, https:\/\/observatoireduvaldesos.fr\/wp-content\/uploads\/2026\/01\/16904787640771-2048x1462.jpg 2048w\" sizes=\"auto, (max-width: 1024px) 100vw, 1024px\" \/><\/figure>\n\n\n\n<div class=\"wp-block-group is-layout-constrained wp-block-group-is-layout-constrained\">\n<figure class=\"wp-block-gallery has-nested-images columns-default is-cropped wp-block-gallery-1 is-layout-flex wp-block-gallery-is-layout-flex\">\n<figure class=\"wp-block-image size-large\"><img loading=\"lazy\" decoding=\"async\" width=\"768\" height=\"1024\" data-id=\"467\" src=\"https:\/\/observatoireduvaldesos.fr\/wp-content\/uploads\/2026\/01\/Journee-observation-solaire-publique-Vicdessos-1-768x1024.jpg\" alt=\"\" class=\"wp-image-467\" srcset=\"https:\/\/observatoireduvaldesos.fr\/wp-content\/uploads\/2026\/01\/Journee-observation-solaire-publique-Vicdessos-1-768x1024.jpg 768w, https:\/\/observatoireduvaldesos.fr\/wp-content\/uploads\/2026\/01\/Journee-observation-solaire-publique-Vicdessos-1-225x300.jpg 225w, https:\/\/observatoireduvaldesos.fr\/wp-content\/uploads\/2026\/01\/Journee-observation-solaire-publique-Vicdessos-1-1152x1536.jpg 1152w, https:\/\/observatoireduvaldesos.fr\/wp-content\/uploads\/2026\/01\/Journee-observation-solaire-publique-Vicdessos-1.jpg 1536w\" sizes=\"auto, (max-width: 768px) 100vw, 768px\" \/><\/figure>\n\n\n\n<figure class=\"wp-block-image size-large\"><img loading=\"lazy\" decoding=\"async\" width=\"1024\" height=\"682\" data-id=\"468\" src=\"https:\/\/observatoireduvaldesos.fr\/wp-content\/uploads\/2026\/01\/Soiree-publique-telecope-360mm-1-1024x682.jpg\" alt=\"\" class=\"wp-image-468\" srcset=\"https:\/\/observatoireduvaldesos.fr\/wp-content\/uploads\/2026\/01\/Soiree-publique-telecope-360mm-1-1024x682.jpg 1024w, https:\/\/observatoireduvaldesos.fr\/wp-content\/uploads\/2026\/01\/Soiree-publique-telecope-360mm-1-300x200.jpg 300w, https:\/\/observatoireduvaldesos.fr\/wp-content\/uploads\/2026\/01\/Soiree-publique-telecope-360mm-1-768x512.jpg 768w, https:\/\/observatoireduvaldesos.fr\/wp-content\/uploads\/2026\/01\/Soiree-publique-telecope-360mm-1-1536x1024.jpg 1536w, https:\/\/observatoireduvaldesos.fr\/wp-content\/uploads\/2026\/01\/Soiree-publique-telecope-360mm-1.jpg 2000w\" sizes=\"auto, (max-width: 1024px) 100vw, 1024px\" \/><\/figure>\n\n\n\n<figure class=\"wp-block-image size-large\"><img loading=\"lazy\" decoding=\"async\" width=\"683\" height=\"1024\" data-id=\"479\" src=\"https:\/\/observatoireduvaldesos.fr\/wp-content\/uploads\/2026\/01\/496041937_2251450225302178_3489288486480215610_n-683x1024.jpg\" alt=\"\" class=\"wp-image-479\" srcset=\"https:\/\/observatoireduvaldesos.fr\/wp-content\/uploads\/2026\/01\/496041937_2251450225302178_3489288486480215610_n-683x1024.jpg 683w, https:\/\/observatoireduvaldesos.fr\/wp-content\/uploads\/2026\/01\/496041937_2251450225302178_3489288486480215610_n-200x300.jpg 200w, https:\/\/observatoireduvaldesos.fr\/wp-content\/uploads\/2026\/01\/496041937_2251450225302178_3489288486480215610_n-768x1152.jpg 768w, https:\/\/observatoireduvaldesos.fr\/wp-content\/uploads\/2026\/01\/496041937_2251450225302178_3489288486480215610_n-1024x1536.jpg 1024w, https:\/\/observatoireduvaldesos.fr\/wp-content\/uploads\/2026\/01\/496041937_2251450225302178_3489288486480215610_n.jpg 1365w\" sizes=\"auto, (max-width: 683px) 100vw, 683px\" \/><\/figure>\n<\/figure>\n<\/div>\n\n\n\n<p><\/p>\n\n\n\n<p><strong>Au sein de l&rsquo;observatoire, vous trouverez diverses productions telles que des livres, cartes postales, magnets, posters, objets promotionnels<\/strong>.<\/p>\n\n\n\n<p><strong><mark style=\"background-color:rgba(0, 0, 0, 0)\" class=\"has-inline-color has-luminous-vivid-orange-color\">Livres photos (45\u20ac pi\u00e8ce \/ 250\u20ac la collection)<\/mark><\/strong><\/p>\n\n\n\n<p><strong>\u00ab\u00a0Histoires de plumes ari\u00e9geoises\u00a0\u00bb<\/strong>, 42 pages sur les plus beaux oiseaux d&rsquo;Ari\u00e8ge<\/p>\n\n\n\n<p><strong>\u00ab\u00a0Histoires d&rsquo;\u00e9toiles ari\u00e9geoises\u00a0\u00bb<\/strong>, 42 pages sur le soleil, les n\u00e9buleuses, les galaxies et les plan\u00e8tes (photos prises en Ari\u00e8ge)<\/p>\n\n\n\n<p><strong>\u00ab\u00a0Histoires de randonn\u00e9es ari\u00e9geoises\u00a0\u00bb<\/strong>, 42 pages sur les plus belles randonn\u00e9es du Vicdessos en Ari\u00e8ge<\/p>\n\n\n\n<p><strong>\u00ab\u00a0Histoires de miniatures ari\u00e9geoises\u00a0\u00bb<\/strong>, 42 pages sur le monde microscopique d&rsquo;Ari\u00e8ge<\/p>\n\n\n\n<p><strong>\u00ab\u00a0Histoires animales ari\u00e9geoises\u00a0\u00bb<\/strong>, 42 pages sur le monde animal d&rsquo;Ari\u00e8ge<\/p>\n\n\n\n<p><strong>\u00ab\u00a0Histoires de miels&nbsp;ari\u00e9geois\u00a0\u00bb<\/strong>, 42 pages sur le monde apicole d&rsquo;Ari\u00e8ge<\/p>\n\n\n\n<figure class=\"wp-block-image size-large is-resized\"><img loading=\"lazy\" decoding=\"async\" width=\"1024\" height=\"482\" src=\"https:\/\/observatoireduvaldesos.fr\/wp-content\/uploads\/2026\/01\/collection-1024x482.jpg?v=1769794271\" alt=\"\" class=\"wp-image-791\" style=\"width:1100px;height:auto\" srcset=\"https:\/\/observatoireduvaldesos.fr\/wp-content\/uploads\/2026\/01\/collection-1024x482.jpg?v=1770156456 1024w, https:\/\/observatoireduvaldesos.fr\/wp-content\/uploads\/2026\/01\/collection-300x141.jpg?v=1770156456 300w, https:\/\/observatoireduvaldesos.fr\/wp-content\/uploads\/2026\/01\/collection-768x361.jpg?v=1770156456 768w, https:\/\/observatoireduvaldesos.fr\/wp-content\/uploads\/2026\/01\/collection.jpg?v=1770156456 1152w\" sizes=\"auto, (max-width: 1024px) 100vw, 1024px\" \/><\/figure>\n\n\n\n<p><strong><mark style=\"background-color:rgba(0, 0, 0, 0)\" class=\"has-inline-color has-luminous-vivid-orange-color\">Cartes postales astro (2\u20ac pi\u00e8ce<\/mark><\/strong><mark style=\"background-color:rgba(0, 0, 0, 0)\" class=\"has-inline-color has-luminous-vivid-orange-color\"><strong>)<\/strong><\/mark><\/p>\n\n\n\n<figure class=\"wp-block-image size-large is-resized\"><img loading=\"lazy\" decoding=\"async\" width=\"1024\" height=\"576\" src=\"https:\/\/observatoireduvaldesos.fr\/wp-content\/uploads\/2026\/01\/Page-3-2-1024x576.jpg?v=1769689403\" alt=\"\" class=\"wp-image-762\" style=\"width:1100px;height:auto\" srcset=\"https:\/\/observatoireduvaldesos.fr\/wp-content\/uploads\/2026\/01\/Page-3-2-1024x576.jpg?v=1769689403 1024w, https:\/\/observatoireduvaldesos.fr\/wp-content\/uploads\/2026\/01\/Page-3-2-300x169.jpg?v=1769689403 300w, https:\/\/observatoireduvaldesos.fr\/wp-content\/uploads\/2026\/01\/Page-3-2-768x432.jpg?v=1769689403 768w, https:\/\/observatoireduvaldesos.fr\/wp-content\/uploads\/2026\/01\/Page-3-2-1536x865.jpg?v=1769689403 1536w, https:\/\/observatoireduvaldesos.fr\/wp-content\/uploads\/2026\/01\/Page-3-2.jpg?v=1769689403 1654w\" sizes=\"auto, (max-width: 1024px) 100vw, 1024px\" \/><\/figure>\n\n\n\n<figure class=\"wp-block-image size-large is-resized\"><img loading=\"lazy\" decoding=\"async\" width=\"1024\" height=\"576\" src=\"https:\/\/observatoireduvaldesos.fr\/wp-content\/uploads\/2026\/01\/Page-4-2-1024x576.jpg?v=1769689419\" alt=\"\" class=\"wp-image-763\" style=\"width:1100px;height:auto\" srcset=\"https:\/\/observatoireduvaldesos.fr\/wp-content\/uploads\/2026\/01\/Page-4-2-1024x576.jpg?v=1769689419 1024w, https:\/\/observatoireduvaldesos.fr\/wp-content\/uploads\/2026\/01\/Page-4-2-300x169.jpg?v=1769689419 300w, https:\/\/observatoireduvaldesos.fr\/wp-content\/uploads\/2026\/01\/Page-4-2-768x432.jpg?v=1769689419 768w, https:\/\/observatoireduvaldesos.fr\/wp-content\/uploads\/2026\/01\/Page-4-2-1536x865.jpg?v=1769689419 1536w, https:\/\/observatoireduvaldesos.fr\/wp-content\/uploads\/2026\/01\/Page-4-2.jpg?v=1769689419 1654w\" sizes=\"auto, (max-width: 1024px) 100vw, 1024px\" \/><\/figure>\n\n\n\n<p><strong><mark style=\"background-color:rgba(0, 0, 0, 0)\" class=\"has-inline-color has-luminous-vivid-orange-color\">Cartes postales animaux \/ paysages (2\u20ac pi\u00e8ce<\/mark><\/strong><mark style=\"background-color:rgba(0, 0, 0, 0)\" class=\"has-inline-color has-luminous-vivid-orange-color\"><strong>)<\/strong><\/mark><\/p>\n\n\n\n<figure class=\"wp-block-image size-large is-resized\"><img loading=\"lazy\" decoding=\"async\" width=\"1024\" height=\"576\" src=\"https:\/\/observatoireduvaldesos.fr\/wp-content\/uploads\/2026\/01\/Page1-1-1024x576.jpg?v=1769689448\" alt=\"\" class=\"wp-image-764\" style=\"width:1100px;height:auto\" srcset=\"https:\/\/observatoireduvaldesos.fr\/wp-content\/uploads\/2026\/01\/Page1-1-1024x576.jpg?v=1769689448 1024w, https:\/\/observatoireduvaldesos.fr\/wp-content\/uploads\/2026\/01\/Page1-1-300x169.jpg?v=1769689448 300w, https:\/\/observatoireduvaldesos.fr\/wp-content\/uploads\/2026\/01\/Page1-1-768x432.jpg?v=1769689448 768w, https:\/\/observatoireduvaldesos.fr\/wp-content\/uploads\/2026\/01\/Page1-1-1536x865.jpg?v=1769689448 1536w, https:\/\/observatoireduvaldesos.fr\/wp-content\/uploads\/2026\/01\/Page1-1.jpg?v=1769689448 1654w\" sizes=\"auto, (max-width: 1024px) 100vw, 1024px\" \/><\/figure>\n\n\n\n<figure class=\"wp-block-image size-large is-resized\"><img loading=\"lazy\" decoding=\"async\" width=\"1024\" height=\"576\" src=\"https:\/\/observatoireduvaldesos.fr\/wp-content\/uploads\/2026\/01\/Page-2-1-1024x576.jpg?v=1769689473\" alt=\"\" class=\"wp-image-765\" style=\"width:1100px;height:auto\" srcset=\"https:\/\/observatoireduvaldesos.fr\/wp-content\/uploads\/2026\/01\/Page-2-1-1024x576.jpg?v=1769689473 1024w, https:\/\/observatoireduvaldesos.fr\/wp-content\/uploads\/2026\/01\/Page-2-1-300x169.jpg?v=1769689473 300w, https:\/\/observatoireduvaldesos.fr\/wp-content\/uploads\/2026\/01\/Page-2-1-768x432.jpg?v=1769689473 768w, https:\/\/observatoireduvaldesos.fr\/wp-content\/uploads\/2026\/01\/Page-2-1-1536x865.jpg?v=1769689473 1536w, https:\/\/observatoireduvaldesos.fr\/wp-content\/uploads\/2026\/01\/Page-2-1.jpg?v=1769689473 1654w\" sizes=\"auto, (max-width: 1024px) 100vw, 1024px\" \/><\/figure>\n\n\n\n<p><strong><mark style=\"background-color:rgba(0, 0, 0, 0)\" class=\"has-inline-color has-luminous-vivid-orange-color\">Magnets (5\u20ac pi\u00e8ce)<\/mark><\/strong><\/p>\n\n\n\n<figure class=\"wp-block-image size-full is-resized\"><img loading=\"lazy\" decoding=\"async\" width=\"630\" height=\"394\" src=\"https:\/\/observatoireduvaldesos.fr\/wp-content\/uploads\/2026\/01\/Gypaete-barbu-2.jpg?v=1769794014\" alt=\"\" class=\"wp-image-788\" style=\"width:470px;height:auto\" srcset=\"https:\/\/observatoireduvaldesos.fr\/wp-content\/uploads\/2026\/01\/Gypaete-barbu-2.jpg?v=1769794014 630w, https:\/\/observatoireduvaldesos.fr\/wp-content\/uploads\/2026\/01\/Gypaete-barbu-2-300x188.jpg?v=1769794014 300w\" sizes=\"auto, (max-width: 630px) 100vw, 630px\" \/><\/figure>\n\n\n\n<figure class=\"wp-block-image size-full is-resized\"><img loading=\"lazy\" decoding=\"async\" width=\"630\" height=\"394\" src=\"https:\/\/observatoireduvaldesos.fr\/wp-content\/uploads\/2026\/01\/Izard-2.jpg?v=1769794040\" alt=\"\" class=\"wp-image-789\" style=\"width:468px;height:auto\" srcset=\"https:\/\/observatoireduvaldesos.fr\/wp-content\/uploads\/2026\/01\/Izard-2.jpg?v=1769794040 630w, https:\/\/observatoireduvaldesos.fr\/wp-content\/uploads\/2026\/01\/Izard-2-300x188.jpg?v=1769794040 300w\" sizes=\"auto, (max-width: 630px) 100vw, 630px\" \/><\/figure>\n\n\n\n<p><\/p>\n","protected":false},"excerpt":{"rendered":"<p>Toutes les activit\u00e9s propos\u00e9es sont accessibles au public (\u00e0 partir de 8 ans) et aux scolaires (\u00e0 partir du CP) . Les tarifs ci-dessous s&rsquo;adressent au public, pour les scolaires [&hellip;]<\/p>\n","protected":false},"author":1,"featured_media":0,"parent":0,"menu_order":0,"comment_status":"closed","ping_status":"closed","template":"","meta":{"footnotes":""},"class_list":["post-50","page","type-page","status-publish","hentry"],"yoast_head":"<!-- This site is optimized with the Yoast SEO plugin v27.0 - https:\/\/yoast.com\/product\/yoast-seo-wordpress\/ -->\n<title>Activit\u00e9s - tarifs - OAVS<\/title>\n<meta name=\"description\" content=\"D\u00e9couvrez les soir\u00e9es et journ\u00e9es astronomie Ari\u00e8ge val de Sos : une exploration fascinante des cieux pour tous!\" \/>\n<meta name=\"robots\" content=\"index, follow, max-snippet:-1, max-image-preview:large, max-video-preview:-1\" \/>\n<link rel=\"canonical\" href=\"https:\/\/observatoireduvaldesos.fr\/index.php\/stages-et-soirees\/\" \/>\n<meta property=\"og:locale\" content=\"fr_FR\" \/>\n<meta property=\"og:type\" content=\"article\" \/>\n<meta property=\"og:title\" content=\"Activit\u00e9s - tarifs - OAVS\" \/>\n<meta property=\"og:description\" content=\"D\u00e9couvrez les soir\u00e9es et journ\u00e9es astronomie Ari\u00e8ge val de Sos : une exploration fascinante des cieux pour tous!\" \/>\n<meta property=\"og:url\" content=\"https:\/\/observatoireduvaldesos.fr\/index.php\/stages-et-soirees\/\" \/>\n<meta property=\"og:site_name\" content=\"OAVS\" \/>\n<meta property=\"article:modified_time\" content=\"2026-04-15T19:10:31+00:00\" \/>\n<meta property=\"og:image\" content=\"https:\/\/observatoireduvaldesos.fr\/wp-content\/uploads\/2026\/01\/ccc-4.jpg\" \/>\n\t<meta property=\"og:image:width\" content=\"1775\" \/>\n\t<meta property=\"og:image:height\" content=\"1003\" \/>\n\t<meta property=\"og:image:type\" content=\"image\/jpeg\" \/>\n<meta name=\"twitter:card\" content=\"summary_large_image\" \/>\n<meta name=\"twitter:label1\" content=\"Dur\u00e9e de lecture estim\u00e9e\" \/>\n\t<meta name=\"twitter:data1\" content=\"5 minutes\" \/>\n<script type=\"application\/ld+json\" class=\"yoast-schema-graph\">{\"@context\":\"https:\/\/schema.org\",\"@graph\":[{\"@type\":\"WebPage\",\"@id\":\"https:\/\/observatoireduvaldesos.fr\/index.php\/stages-et-soirees\/\",\"url\":\"https:\/\/observatoireduvaldesos.fr\/index.php\/stages-et-soirees\/\",\"name\":\"Activit\u00e9s - tarifs - OAVS\",\"isPartOf\":{\"@id\":\"https:\/\/observatoireduvaldesos.fr\/#website\"},\"primaryImageOfPage\":{\"@id\":\"https:\/\/observatoireduvaldesos.fr\/index.php\/stages-et-soirees\/#primaryimage\"},\"image\":{\"@id\":\"https:\/\/observatoireduvaldesos.fr\/index.php\/stages-et-soirees\/#primaryimage\"},\"thumbnailUrl\":\"https:\/\/observatoireduvaldesos.fr\/wp-content\/uploads\/2026\/01\/ccc-4-1024x579.jpg\",\"datePublished\":\"2026-01-17T17:28:26+00:00\",\"dateModified\":\"2026-04-15T19:10:31+00:00\",\"description\":\"D\u00e9couvrez les soir\u00e9es et journ\u00e9es astronomie Ari\u00e8ge val de Sos : une exploration fascinante des cieux pour tous!\",\"breadcrumb\":{\"@id\":\"https:\/\/observatoireduvaldesos.fr\/index.php\/stages-et-soirees\/#breadcrumb\"},\"inLanguage\":\"fr-FR\",\"potentialAction\":[{\"@type\":\"ReadAction\",\"target\":[\"https:\/\/observatoireduvaldesos.fr\/index.php\/stages-et-soirees\/\"]}]},{\"@type\":\"ImageObject\",\"inLanguage\":\"fr-FR\",\"@id\":\"https:\/\/observatoireduvaldesos.fr\/index.php\/stages-et-soirees\/#primaryimage\",\"url\":\"https:\/\/observatoireduvaldesos.fr\/wp-content\/uploads\/2026\/01\/ccc-4.jpg\",\"contentUrl\":\"https:\/\/observatoireduvaldesos.fr\/wp-content\/uploads\/2026\/01\/ccc-4.jpg\",\"width\":1775,\"height\":1003},{\"@type\":\"BreadcrumbList\",\"@id\":\"https:\/\/observatoireduvaldesos.fr\/index.php\/stages-et-soirees\/#breadcrumb\",\"itemListElement\":[{\"@type\":\"ListItem\",\"position\":1,\"name\":\"Accueil\",\"item\":\"https:\/\/observatoireduvaldesos.fr\/\"},{\"@type\":\"ListItem\",\"position\":2,\"name\":\"Activit\u00e9s &#8211; tarifs\"}]},{\"@type\":\"WebSite\",\"@id\":\"https:\/\/observatoireduvaldesos.fr\/#website\",\"url\":\"https:\/\/observatoireduvaldesos.fr\/\",\"name\":\"Observatoire Astronomique du Val-de-Sos\",\"description\":\"Observatoire Astronomique du Val-de-Sos\",\"publisher\":{\"@id\":\"https:\/\/observatoireduvaldesos.fr\/#\/schema\/person\/b31f59a9366e5780dd9f14282d8d240b\"},\"alternateName\":\"Oavs\",\"potentialAction\":[{\"@type\":\"SearchAction\",\"target\":{\"@type\":\"EntryPoint\",\"urlTemplate\":\"https:\/\/observatoireduvaldesos.fr\/?s={search_term_string}\"},\"query-input\":{\"@type\":\"PropertyValueSpecification\",\"valueRequired\":true,\"valueName\":\"search_term_string\"}}],\"inLanguage\":\"fr-FR\"},{\"@type\":[\"Person\",\"Organization\"],\"@id\":\"https:\/\/observatoireduvaldesos.fr\/#\/schema\/person\/b31f59a9366e5780dd9f14282d8d240b\",\"name\":\"admin8189\",\"image\":{\"@type\":\"ImageObject\",\"inLanguage\":\"fr-FR\",\"@id\":\"https:\/\/observatoireduvaldesos.fr\/#\/schema\/person\/image\/\",\"url\":\"https:\/\/observatoireduvaldesos.fr\/wp-content\/uploads\/2026\/01\/cropped-Nouveau-LOGO-scaled-1.jpg\",\"contentUrl\":\"https:\/\/observatoireduvaldesos.fr\/wp-content\/uploads\/2026\/01\/cropped-Nouveau-LOGO-scaled-1.jpg\",\"width\":512,\"height\":512,\"caption\":\"admin8189\"},\"logo\":{\"@id\":\"https:\/\/observatoireduvaldesos.fr\/#\/schema\/person\/image\/\"},\"sameAs\":[\"http:\/\/observatoireduvaldesos.fr\"]}]}<\/script>\n<!-- \/ Yoast SEO plugin. -->","yoast_head_json":{"title":"Activit\u00e9s - tarifs - OAVS","description":"D\u00e9couvrez les soir\u00e9es et journ\u00e9es astronomie Ari\u00e8ge val de Sos : une exploration fascinante des cieux pour tous!","robots":{"index":"index","follow":"follow","max-snippet":"max-snippet:-1","max-image-preview":"max-image-preview:large","max-video-preview":"max-video-preview:-1"},"canonical":"https:\/\/observatoireduvaldesos.fr\/index.php\/stages-et-soirees\/","og_locale":"fr_FR","og_type":"article","og_title":"Activit\u00e9s - tarifs - OAVS","og_description":"D\u00e9couvrez les soir\u00e9es et journ\u00e9es astronomie Ari\u00e8ge val de Sos : une exploration fascinante des cieux pour tous!","og_url":"https:\/\/observatoireduvaldesos.fr\/index.php\/stages-et-soirees\/","og_site_name":"OAVS","article_modified_time":"2026-04-15T19:10:31+00:00","og_image":[{"width":1775,"height":1003,"url":"https:\/\/observatoireduvaldesos.fr\/wp-content\/uploads\/2026\/01\/ccc-4.jpg","type":"image\/jpeg"}],"twitter_card":"summary_large_image","twitter_misc":{"Dur\u00e9e de lecture estim\u00e9e":"5 minutes"},"schema":{"@context":"https:\/\/schema.org","@graph":[{"@type":"WebPage","@id":"https:\/\/observatoireduvaldesos.fr\/index.php\/stages-et-soirees\/","url":"https:\/\/observatoireduvaldesos.fr\/index.php\/stages-et-soirees\/","name":"Activit\u00e9s - tarifs - OAVS","isPartOf":{"@id":"https:\/\/observatoireduvaldesos.fr\/#website"},"primaryImageOfPage":{"@id":"https:\/\/observatoireduvaldesos.fr\/index.php\/stages-et-soirees\/#primaryimage"},"image":{"@id":"https:\/\/observatoireduvaldesos.fr\/index.php\/stages-et-soirees\/#primaryimage"},"thumbnailUrl":"https:\/\/observatoireduvaldesos.fr\/wp-content\/uploads\/2026\/01\/ccc-4-1024x579.jpg","datePublished":"2026-01-17T17:28:26+00:00","dateModified":"2026-04-15T19:10:31+00:00","description":"D\u00e9couvrez les soir\u00e9es et journ\u00e9es astronomie Ari\u00e8ge val de Sos : une exploration fascinante des cieux pour tous!","breadcrumb":{"@id":"https:\/\/observatoireduvaldesos.fr\/index.php\/stages-et-soirees\/#breadcrumb"},"inLanguage":"fr-FR","potentialAction":[{"@type":"ReadAction","target":["https:\/\/observatoireduvaldesos.fr\/index.php\/stages-et-soirees\/"]}]},{"@type":"ImageObject","inLanguage":"fr-FR","@id":"https:\/\/observatoireduvaldesos.fr\/index.php\/stages-et-soirees\/#primaryimage","url":"https:\/\/observatoireduvaldesos.fr\/wp-content\/uploads\/2026\/01\/ccc-4.jpg","contentUrl":"https:\/\/observatoireduvaldesos.fr\/wp-content\/uploads\/2026\/01\/ccc-4.jpg","width":1775,"height":1003},{"@type":"BreadcrumbList","@id":"https:\/\/observatoireduvaldesos.fr\/index.php\/stages-et-soirees\/#breadcrumb","itemListElement":[{"@type":"ListItem","position":1,"name":"Accueil","item":"https:\/\/observatoireduvaldesos.fr\/"},{"@type":"ListItem","position":2,"name":"Activit\u00e9s &#8211; tarifs"}]},{"@type":"WebSite","@id":"https:\/\/observatoireduvaldesos.fr\/#website","url":"https:\/\/observatoireduvaldesos.fr\/","name":"Observatoire Astronomique du Val-de-Sos","description":"Observatoire Astronomique du Val-de-Sos","publisher":{"@id":"https:\/\/observatoireduvaldesos.fr\/#\/schema\/person\/b31f59a9366e5780dd9f14282d8d240b"},"alternateName":"Oavs","potentialAction":[{"@type":"SearchAction","target":{"@type":"EntryPoint","urlTemplate":"https:\/\/observatoireduvaldesos.fr\/?s={search_term_string}"},"query-input":{"@type":"PropertyValueSpecification","valueRequired":true,"valueName":"search_term_string"}}],"inLanguage":"fr-FR"},{"@type":["Person","Organization"],"@id":"https:\/\/observatoireduvaldesos.fr\/#\/schema\/person\/b31f59a9366e5780dd9f14282d8d240b","name":"admin8189","image":{"@type":"ImageObject","inLanguage":"fr-FR","@id":"https:\/\/observatoireduvaldesos.fr\/#\/schema\/person\/image\/","url":"https:\/\/observatoireduvaldesos.fr\/wp-content\/uploads\/2026\/01\/cropped-Nouveau-LOGO-scaled-1.jpg","contentUrl":"https:\/\/observatoireduvaldesos.fr\/wp-content\/uploads\/2026\/01\/cropped-Nouveau-LOGO-scaled-1.jpg","width":512,"height":512,"caption":"admin8189"},"logo":{"@id":"https:\/\/observatoireduvaldesos.fr\/#\/schema\/person\/image\/"},"sameAs":["http:\/\/observatoireduvaldesos.fr"]}]}},"_links":{"self":[{"href":"https:\/\/observatoireduvaldesos.fr\/index.php\/wp-json\/wp\/v2\/pages\/50","targetHints":{"allow":["GET"]}}],"collection":[{"href":"https:\/\/observatoireduvaldesos.fr\/index.php\/wp-json\/wp\/v2\/pages"}],"about":[{"href":"https:\/\/observatoireduvaldesos.fr\/index.php\/wp-json\/wp\/v2\/types\/page"}],"author":[{"embeddable":true,"href":"https:\/\/observatoireduvaldesos.fr\/index.php\/wp-json\/wp\/v2\/users\/1"}],"replies":[{"embeddable":true,"href":"https:\/\/observatoireduvaldesos.fr\/index.php\/wp-json\/wp\/v2\/comments?post=50"}],"version-history":[{"count":53,"href":"https:\/\/observatoireduvaldesos.fr\/index.php\/wp-json\/wp\/v2\/pages\/50\/revisions"}],"predecessor-version":[{"id":956,"href":"https:\/\/observatoireduvaldesos.fr\/index.php\/wp-json\/wp\/v2\/pages\/50\/revisions\/956"}],"wp:attachment":[{"href":"https:\/\/observatoireduvaldesos.fr\/index.php\/wp-json\/wp\/v2\/media?parent=50"}],"curies":[{"name":"wp","href":"https:\/\/api.w.org\/{rel}","templated":true}]}}