{"id":52,"date":"2026-01-17T17:28:39","date_gmt":"2026-01-17T17:28:39","guid":{"rendered":"https:\/\/observatoireduvaldesos.fr\/?page_id=52"},"modified":"2026-02-03T20:55:52","modified_gmt":"2026-02-03T20:55:52","slug":"contact-2","status":"publish","type":"page","link":"https:\/\/observatoireduvaldesos.fr\/index.php\/contact-2\/","title":{"rendered":"Contact"},"content":{"rendered":"\n<details class=\"wp-block-details is-layout-flow wp-block-details-is-layout-flow\"><summary>\n<div class=\"wpcf7 no-js\" id=\"wpcf7-f8-o1\" lang=\"en-US\" dir=\"ltr\" data-wpcf7-id=\"8\">\n<div class=\"screen-reader-response\"><p role=\"status\" aria-live=\"polite\" aria-atomic=\"true\"><\/p> <ul><\/ul><\/div>\n<form action=\"\/index.php\/wp-json\/wp\/v2\/pages\/52#wpcf7-f8-o1\" method=\"post\" class=\"wpcf7-form init\" aria-label=\"Contact form\" novalidate=\"novalidate\" data-status=\"init\">\n<fieldset class=\"hidden-fields-container\"><input type=\"hidden\" name=\"_wpcf7\" value=\"8\" \/><input type=\"hidden\" name=\"_wpcf7_version\" value=\"6.1.5\" \/><input type=\"hidden\" name=\"_wpcf7_locale\" value=\"en_US\" \/><input type=\"hidden\" name=\"_wpcf7_unit_tag\" value=\"wpcf7-f8-o1\" \/><input type=\"hidden\" name=\"_wpcf7_container_post\" value=\"0\" \/><input type=\"hidden\" name=\"_wpcf7_posted_data_hash\" value=\"\" \/>\n<\/fieldset>\n<p><label> Nom \/ Name:<br \/>\n<span class=\"wpcf7-form-control-wrap\" data-name=\"your-name\"><input size=\"40\" maxlength=\"400\" class=\"wpcf7-form-control wpcf7-text wpcf7-validates-as-required\" autocomplete=\"name\" aria-required=\"true\" aria-invalid=\"false\" value=\"\" type=\"text\" name=\"your-name\" \/><\/span> <\/label>\n<\/p>\n<p><label> email:<br \/>\n<span class=\"wpcf7-form-control-wrap\" data-name=\"your-email\"><input size=\"40\" maxlength=\"400\" class=\"wpcf7-form-control wpcf7-email wpcf7-validates-as-required wpcf7-text wpcf7-validates-as-email\" autocomplete=\"email\" aria-required=\"true\" aria-invalid=\"false\" value=\"\" type=\"email\" name=\"your-email\" \/><\/span> <\/label>\n<\/p>\n<p><label> Date reservation :<br \/>\n<span class=\"wpcf7-form-control-wrap\" data-name=\"date-953\"><input class=\"wpcf7-form-control wpcf7-date wpcf7-validates-as-date\" aria-invalid=\"false\" value=\"\" type=\"date\" name=\"date-953\" \/><\/span> <\/label><br \/>\n<label> Nbre de personnes : <span class=\"wpcf7-form-control-wrap\" data-name=\"select-456\"><select class=\"wpcf7-form-control wpcf7-select\" aria-invalid=\"false\" name=\"select-456\"><option value=\"\">1<\/option><option value=\"2\">2<\/option><option value=\"3\">3<\/option><option value=\"4\">4<\/option><option value=\"5\">5<\/option><option value=\"6\">6<\/option><option value=\"7\">7<\/option><option value=\"8\">8<\/option><option value=\"9\">9<\/option><option value=\"10\">10<\/option><option value=\"11\">11<\/option><option value=\"12\">12<\/option><option value=\"13\">13<\/option><option value=\"14\">14<\/option><option value=\"15\">15<\/option><option value=\"16\">16<\/option><option value=\"17\">17<\/option><option value=\"18\">18<\/option><option value=\"19\">19<\/option><\/select><\/span><br \/>\n<\/label>\n<\/p>\n<p><label> Message:<br \/>\n<span class=\"wpcf7-form-control-wrap\" data-name=\"your-message\"><textarea cols=\"40\" rows=\"10\" maxlength=\"2000\" class=\"wpcf7-form-control wpcf7-textarea\" aria-invalid=\"false\" name=\"your-message\"><\/textarea><\/span> <\/label>\n<\/p>\n<p><input class=\"wpcf7-form-control wpcf7-submit has-spinner\" type=\"submit\" value=\"Submit\" \/>\n<\/p><div class=\"wpcf7-response-output\" aria-hidden=\"true\"><\/div>\n<\/form>\n<\/div>\n<\/summary><\/details>\n\n\n<p><span style=\"color: #0000ff;\">Philippe TOSI : <a href=\"tel:06 89 62 74 83\">06 89 62 74 83<\/a><br \/>Mail : philastro09@orange.fr<\/span><\/p>\n\n\n<p><strong><mark style=\"background-color:rgba(0, 0, 0, 0)\" class=\"has-inline-color has-black-color\">Vous pouvez r\u00e9server une date non affich\u00e9e dans le calendrier, nous reviendrons vers vous pour confirmer la disponibilit\u00e9.<\/mark><\/strong><\/p>\n\n\n\n<p><\/p>\n","protected":false},"excerpt":{"rendered":"<p>Philippe TOSI : 06 89 62 74 83Mail : philastro09@orange.fr Vous pouvez r\u00e9server une date non affich\u00e9e dans le calendrier, nous reviendrons vers vous pour confirmer la disponibilit\u00e9.<\/p>\n","protected":false},"author":1,"featured_media":0,"parent":0,"menu_order":0,"comment_status":"closed","ping_status":"closed","template":"","meta":{"footnotes":""},"class_list":["post-52","page","type-page","status-publish","hentry"],"yoast_head":"<!-- This site is optimized with the Yoast SEO plugin v27.0 - https:\/\/yoast.com\/product\/yoast-seo-wordpress\/ -->\n<title>Contact - OAVS<\/title>\n<meta name=\"description\" content=\"Contacter l\u2019Observatoire Astronomique Vicdessos\" \/>\n<meta name=\"robots\" content=\"index, follow, max-snippet:-1, max-image-preview:large, max-video-preview:-1\" \/>\n<link rel=\"canonical\" href=\"https:\/\/observatoireduvaldesos.fr\/index.php\/contact-2\/\" \/>\n<meta property=\"og:locale\" content=\"fr_FR\" \/>\n<meta property=\"og:type\" content=\"article\" \/>\n<meta property=\"og:title\" content=\"Contact - OAVS\" \/>\n<meta property=\"og:description\" content=\"Contacter l\u2019Observatoire Astronomique Vicdessos\" \/>\n<meta property=\"og:url\" content=\"https:\/\/observatoireduvaldesos.fr\/index.php\/contact-2\/\" \/>\n<meta property=\"og:site_name\" content=\"OAVS\" \/>\n<meta property=\"article:modified_time\" content=\"2026-02-03T20:55:52+00:00\" \/>\n<meta property=\"og:image\" content=\"https:\/\/observatoireduvaldesos.fr\/wp-content\/uploads\/2026\/01\/Lunette-solaire.jpg\" \/>\n\t<meta property=\"og:image:width\" content=\"2048\" \/>\n\t<meta property=\"og:image:height\" content=\"1384\" \/>\n\t<meta property=\"og:image:type\" content=\"image\/jpeg\" \/>\n<meta name=\"twitter:card\" content=\"summary_large_image\" \/>\n<meta name=\"twitter:label1\" content=\"Dur\u00e9e de lecture estim\u00e9e\" \/>\n\t<meta name=\"twitter:data1\" content=\"1 minute\" \/>\n<script type=\"application\/ld+json\" class=\"yoast-schema-graph\">{\"@context\":\"https:\/\/schema.org\",\"@graph\":[{\"@type\":[\"WebPage\",\"ContactPage\"],\"@id\":\"https:\/\/observatoireduvaldesos.fr\/index.php\/contact-2\/\",\"url\":\"https:\/\/observatoireduvaldesos.fr\/index.php\/contact-2\/\",\"name\":\"Contact - OAVS\",\"isPartOf\":{\"@id\":\"https:\/\/observatoireduvaldesos.fr\/#website\"},\"datePublished\":\"2026-01-17T17:28:39+00:00\",\"dateModified\":\"2026-02-03T20:55:52+00:00\",\"description\":\"Contacter l\u2019Observatoire Astronomique Vicdessos\",\"breadcrumb\":{\"@id\":\"https:\/\/observatoireduvaldesos.fr\/index.php\/contact-2\/#breadcrumb\"},\"inLanguage\":\"fr-FR\",\"potentialAction\":[{\"@type\":\"ReadAction\",\"target\":[\"https:\/\/observatoireduvaldesos.fr\/index.php\/contact-2\/\"]}]},{\"@type\":\"BreadcrumbList\",\"@id\":\"https:\/\/observatoireduvaldesos.fr\/index.php\/contact-2\/#breadcrumb\",\"itemListElement\":[{\"@type\":\"ListItem\",\"position\":1,\"name\":\"Accueil\",\"item\":\"https:\/\/observatoireduvaldesos.fr\/\"},{\"@type\":\"ListItem\",\"position\":2,\"name\":\"Contact\"}]},{\"@type\":\"WebSite\",\"@id\":\"https:\/\/observatoireduvaldesos.fr\/#website\",\"url\":\"https:\/\/observatoireduvaldesos.fr\/\",\"name\":\"Observatoire Astronomique du Val-de-Sos\",\"description\":\"Observatoire Astronomique du Val-de-Sos\",\"publisher\":{\"@id\":\"https:\/\/observatoireduvaldesos.fr\/#\/schema\/person\/b31f59a9366e5780dd9f14282d8d240b\"},\"alternateName\":\"Oavs\",\"potentialAction\":[{\"@type\":\"SearchAction\",\"target\":{\"@type\":\"EntryPoint\",\"urlTemplate\":\"https:\/\/observatoireduvaldesos.fr\/?s={search_term_string}\"},\"query-input\":{\"@type\":\"PropertyValueSpecification\",\"valueRequired\":true,\"valueName\":\"search_term_string\"}}],\"inLanguage\":\"fr-FR\"},{\"@type\":[\"Person\",\"Organization\"],\"@id\":\"https:\/\/observatoireduvaldesos.fr\/#\/schema\/person\/b31f59a9366e5780dd9f14282d8d240b\",\"name\":\"admin8189\",\"image\":{\"@type\":\"ImageObject\",\"inLanguage\":\"fr-FR\",\"@id\":\"https:\/\/observatoireduvaldesos.fr\/#\/schema\/person\/image\/\",\"url\":\"https:\/\/observatoireduvaldesos.fr\/wp-content\/uploads\/2026\/01\/cropped-Nouveau-LOGO-scaled-1.jpg\",\"contentUrl\":\"https:\/\/observatoireduvaldesos.fr\/wp-content\/uploads\/2026\/01\/cropped-Nouveau-LOGO-scaled-1.jpg\",\"width\":512,\"height\":512,\"caption\":\"admin8189\"},\"logo\":{\"@id\":\"https:\/\/observatoireduvaldesos.fr\/#\/schema\/person\/image\/\"},\"sameAs\":[\"http:\/\/observatoireduvaldesos.fr\"]}]}<\/script>\n<!-- \/ Yoast SEO plugin. -->","yoast_head_json":{"title":"Contact - OAVS","description":"Contacter l\u2019Observatoire Astronomique Vicdessos","robots":{"index":"index","follow":"follow","max-snippet":"max-snippet:-1","max-image-preview":"max-image-preview:large","max-video-preview":"max-video-preview:-1"},"canonical":"https:\/\/observatoireduvaldesos.fr\/index.php\/contact-2\/","og_locale":"fr_FR","og_type":"article","og_title":"Contact - OAVS","og_description":"Contacter l\u2019Observatoire Astronomique Vicdessos","og_url":"https:\/\/observatoireduvaldesos.fr\/index.php\/contact-2\/","og_site_name":"OAVS","article_modified_time":"2026-02-03T20:55:52+00:00","og_image":[{"width":2048,"height":1384,"url":"https:\/\/observatoireduvaldesos.fr\/wp-content\/uploads\/2026\/01\/Lunette-solaire.jpg","type":"image\/jpeg"}],"twitter_card":"summary_large_image","twitter_misc":{"Dur\u00e9e de lecture estim\u00e9e":"1 minute"},"schema":{"@context":"https:\/\/schema.org","@graph":[{"@type":["WebPage","ContactPage"],"@id":"https:\/\/observatoireduvaldesos.fr\/index.php\/contact-2\/","url":"https:\/\/observatoireduvaldesos.fr\/index.php\/contact-2\/","name":"Contact - OAVS","isPartOf":{"@id":"https:\/\/observatoireduvaldesos.fr\/#website"},"datePublished":"2026-01-17T17:28:39+00:00","dateModified":"2026-02-03T20:55:52+00:00","description":"Contacter l\u2019Observatoire Astronomique Vicdessos","breadcrumb":{"@id":"https:\/\/observatoireduvaldesos.fr\/index.php\/contact-2\/#breadcrumb"},"inLanguage":"fr-FR","potentialAction":[{"@type":"ReadAction","target":["https:\/\/observatoireduvaldesos.fr\/index.php\/contact-2\/"]}]},{"@type":"BreadcrumbList","@id":"https:\/\/observatoireduvaldesos.fr\/index.php\/contact-2\/#breadcrumb","itemListElement":[{"@type":"ListItem","position":1,"name":"Accueil","item":"https:\/\/observatoireduvaldesos.fr\/"},{"@type":"ListItem","position":2,"name":"Contact"}]},{"@type":"WebSite","@id":"https:\/\/observatoireduvaldesos.fr\/#website","url":"https:\/\/observatoireduvaldesos.fr\/","name":"Observatoire Astronomique du Val-de-Sos","description":"Observatoire Astronomique du Val-de-Sos","publisher":{"@id":"https:\/\/observatoireduvaldesos.fr\/#\/schema\/person\/b31f59a9366e5780dd9f14282d8d240b"},"alternateName":"Oavs","potentialAction":[{"@type":"SearchAction","target":{"@type":"EntryPoint","urlTemplate":"https:\/\/observatoireduvaldesos.fr\/?s={search_term_string}"},"query-input":{"@type":"PropertyValueSpecification","valueRequired":true,"valueName":"search_term_string"}}],"inLanguage":"fr-FR"},{"@type":["Person","Organization"],"@id":"https:\/\/observatoireduvaldesos.fr\/#\/schema\/person\/b31f59a9366e5780dd9f14282d8d240b","name":"admin8189","image":{"@type":"ImageObject","inLanguage":"fr-FR","@id":"https:\/\/observatoireduvaldesos.fr\/#\/schema\/person\/image\/","url":"https:\/\/observatoireduvaldesos.fr\/wp-content\/uploads\/2026\/01\/cropped-Nouveau-LOGO-scaled-1.jpg","contentUrl":"https:\/\/observatoireduvaldesos.fr\/wp-content\/uploads\/2026\/01\/cropped-Nouveau-LOGO-scaled-1.jpg","width":512,"height":512,"caption":"admin8189"},"logo":{"@id":"https:\/\/observatoireduvaldesos.fr\/#\/schema\/person\/image\/"},"sameAs":["http:\/\/observatoireduvaldesos.fr"]}]}},"_links":{"self":[{"href":"https:\/\/observatoireduvaldesos.fr\/index.php\/wp-json\/wp\/v2\/pages\/52","targetHints":{"allow":["GET"]}}],"collection":[{"href":"https:\/\/observatoireduvaldesos.fr\/index.php\/wp-json\/wp\/v2\/pages"}],"about":[{"href":"https:\/\/observatoireduvaldesos.fr\/index.php\/wp-json\/wp\/v2\/types\/page"}],"author":[{"embeddable":true,"href":"https:\/\/observatoireduvaldesos.fr\/index.php\/wp-json\/wp\/v2\/users\/1"}],"replies":[{"embeddable":true,"href":"https:\/\/observatoireduvaldesos.fr\/index.php\/wp-json\/wp\/v2\/comments?post=52"}],"version-history":[{"count":10,"href":"https:\/\/observatoireduvaldesos.fr\/index.php\/wp-json\/wp\/v2\/pages\/52\/revisions"}],"predecessor-version":[{"id":828,"href":"https:\/\/observatoireduvaldesos.fr\/index.php\/wp-json\/wp\/v2\/pages\/52\/revisions\/828"}],"wp:attachment":[{"href":"https:\/\/observatoireduvaldesos.fr\/index.php\/wp-json\/wp\/v2\/media?parent=52"}],"curies":[{"name":"wp","href":"https:\/\/api.w.org\/{rel}","templated":true}]}}