{"id":570,"date":"2026-01-24T16:51:03","date_gmt":"2026-01-24T16:51:03","guid":{"rendered":"https:\/\/observatoireduvaldesos.fr\/?page_id=570"},"modified":"2026-01-25T12:58:20","modified_gmt":"2026-01-25T12:58:20","slug":"mentions-legales","status":"publish","type":"page","link":"https:\/\/observatoireduvaldesos.fr\/index.php\/mentions-legales\/","title":{"rendered":"Mentions l\u00e9gales"},"content":{"rendered":"\n<h2 class=\"wp-block-heading\">IDENTIT\u00c9<\/h2>\n\n\n\n<p>Conform\u00e9ment aux dispositions de la loi n\u00b0 2004-575 du 21 juin 2004 pour la confiance en l\u2019\u00e9conomie num\u00e9rique, il est pr\u00e9cis\u00e9 aux utilisateurs du site&nbsp;Observatoire Astronomique du Val-de-Sos<a target=\"_blank\" href=\"http:\/\/www.arborescence.fr\/\" rel=\"noreferrer noopener\">,<\/a><a target=\"_blank\" href=\"http:\/\/www.arborescence.fr\/\" rel=\"noreferrer noopener\">&nbsp;<\/a>l\u2019identit\u00e9 des diff\u00e9rents intervenants dans le cadre de sa r\u00e9alisation et de son suivi.<\/p>\n\n\n\n<p>Nom du site web :&nbsp;<a target=\"_blank\" href=\"https:\/\/observatoireduvaldesos.fr\/\" rel=\"noreferrer noopener\">observatoireduvaldesos.fr<\/a><\/p>\n\n\n\n<p>Adresse du site web : https\/\/<a target=\"_blank\" href=\"https:\/\/observatoireduvaldesos.fr\/\" rel=\"noreferrer noopener\">observatoireduvaldesos.fr<\/a><\/p>\n\n\n\n<p>Propri\u00e9taire du site : Philippe Tosi<\/p>\n\n\n\n<p>Mail :&nbsp;<a href=\"mailto:philastro09@orange.fr\" target=\"_blank\" rel=\"noreferrer noopener\">philastro09@orange.fr<\/a><\/p>\n\n\n\n<p>T\u00e9l&nbsp;:&nbsp;<a>06 89 62 74 83<\/a><\/p>\n\n\n\n<p>Siret :&nbsp; 10025199000014<\/p>\n\n\n\n<p>Responsable de publication :&nbsp;Philippe Tosi<\/p>\n\n\n\n<p>Conception et r\u00e9alisation :&nbsp; Philippe Tosi<br>Animation :&nbsp; Philippe Tosi<br>H\u00e9bergement : OVH<\/p>\n\n\n\n<h2 class=\"wp-block-heading\">CONDITIONS D\u2019UTILISATION<\/h2>\n\n\n\n<p>L\u2019utilisation du pr\u00e9sent site implique l\u2019acceptation pleine et enti\u00e8re des conditions g\u00e9n\u00e9rales d\u2019utilisation d\u00e9crites ci-apr\u00e8s. Ces conditions d\u2019utilisation sont susceptibles d\u2019\u00eatre modifi\u00e9es ou compl\u00e9t\u00e9es \u00e0 tout moment.<\/p>\n\n\n\n<h2 class=\"wp-block-heading\">INFORMATIONS<\/h2>\n\n\n\n<p>Les informations et documents du site sont pr\u00e9sent\u00e9s \u00e0 titre indicatif, n\u2019ont pas de caract\u00e8re exhaustif, et ne peuvent engager la responsabilit\u00e9 du propri\u00e9taire du site.<\/p>\n\n\n\n<p>Le propri\u00e9taire du site ne peut \u00eatre tenu responsable des dommages directs et indirects cons\u00e9cutifs \u00e0 l\u2019acc\u00e8s au site.<\/p>\n\n\n\n<h2 class=\"wp-block-heading\">PROPRI\u00c9T\u00c9 INTELLECTUELLE<\/h2>\n\n\n\n<p>Philippe Tosi est propri\u00e9taire des droits de propri\u00e9t\u00e9 intellectuelle et d\u00e9tient les droits d\u2019usage sur tous les \u00e9l\u00e9ments accessibles sur le site internet, notamment les textes, images, graphismes, logos, vid\u00e9os, architecture, ic\u00f4nes et sons.<\/p>\n\n\n\n<p>Toute reproduction, repr\u00e9sentation, modification, publication, adaptation de tout ou partie des \u00e9l\u00e9ments du site, quel que soit le moyen ou le proc\u00e9d\u00e9 utilis\u00e9, est interdite, sauf autorisation \u00e9crite pr\u00e9alable de Philippe Tosi.<\/p>\n\n\n\n<p>Toute exploitation non autoris\u00e9e du site ou de l\u2019un quelconque des \u00e9l\u00e9ments qu\u2019il contient sera consid\u00e9r\u00e9e comme constitutive d\u2019une contrefa\u00e7on et poursuivie conform\u00e9ment aux dispositions des articles&nbsp;<a target=\"_blank\" href=\"https:\/\/www.legifrance.gouv.fr\/affichCodeArticle.do?idArticle=LEGIARTI000032655082&amp;cidTexte=LEGITEXT000006069414&amp;dateTexte=20160605\" rel=\"noreferrer noopener\">L.335-2 et suivants du Code de Propri\u00e9t\u00e9 Intellectuelle<\/a>.<\/p>\n\n\n\n<h2 class=\"wp-block-heading\">CONDITIONS GENERALES DE VENTE<\/h2>\n\n\n\n<p>Toute mission confi\u00e9e \u00e0 l&rsquo;Observatoire Astronomique du Val-de-Sos implique l\u2019adh\u00e9sion sans restriction ni r\u00e9serve du client aux pr\u00e9sentes&nbsp;<\/p>\n\n\n\n<p>Aucune r\u00e9clamation ne sera admise apr\u00e8s l\u2019ex\u00e9cution des prestations si le client n\u2019avait pas fait conna\u00eetre pr\u00e9alablement ses exigences.<\/p>\n\n\n\n<p>Pour toute demande de prestation, un devis sera adress\u00e9 au client qui peut \u00eatre revu si la prestation est modifi\u00e9e.<\/p>\n\n\n\n<p>Les prestations propos\u00e9es par Philippe Tosi&nbsp; sont r\u00e9alis\u00e9es \u00e0 l&rsquo;Observatoire ou sur le terrain ou en pr\u00e9sentiel chez le client apr\u00e8s accord de chacune des parties. Dans le cas d\u2019une prestation r\u00e9alis\u00e9e chez le client, des frais de d\u00e9placement lui seront factur\u00e9s sur la base du tarif kilom\u00e9trique de l\u2019administration fiscale.<\/p>\n\n\n\n<p>Les tarifs pr\u00e9sent\u00e9s sur le site Observatoire Astronomique du Val-de-Sos&nbsp;sont donn\u00e9s \u00e0 titre indicatif et s\u2019appliquent \u00e0 la plupart des prestations, mais ils peuvent varier selon le d\u00e9lai, le volume et la difficult\u00e9 de la prestation demand\u00e9e.&nbsp;<\/p>\n\n\n\n<p>L&rsquo;Observatoire Astronomique du Val-de-Sos peut modifier ses tarifs \u00e0 tout moment, mais s\u2019engage \u00e0 facturer les prestations command\u00e9es aux prix indiqu\u00e9s sur le devis pendant sa dur\u00e9e de validit\u00e9.<\/p>\n\n\n\n<p>Tous les prix sont nets, la T.V.A. n\u2019\u00e9tant pas applicable (article 293B du Code g\u00e9n\u00e9ral des imp\u00f4ts).<\/p>\n\n\n\n<p>L&rsquo;Observatoire Astronomique du Val-de-Sos s\u2019engage \u00e0 respecter le d\u00e9lai de livraison indiqu\u00e9 sur le devis. Toutefois,&nbsp; L&rsquo;Observatoire Astronomique du Val-de-Sos ne peut \u00eatre tenue responsable de la non-ex\u00e9cution ou du retard d\u2019ex\u00e9cution qui d\u00e9coulerait d\u2019un cas de force majeure au sens de l\u2019article 1148 du Code civil. \u00c0 ce titre, la force majeure s\u2019entend comme tout \u00e9v\u00e9nement ext\u00e9rieur, impr\u00e9visible et irr\u00e9sistible (m\u00e9t\u00e9o, maladie, accident, d\u00e9c\u00e8s m\u00eame d\u2019un proche, d\u00e9faillance des services postaux ou num\u00e9riques, etc.).<\/p>\n\n\n\n<p>Pour les clients r\u00e9guliers, il est possible de convenir d\u2019une facturation p\u00e9riodique. Le r\u00e8glement des commandes s\u2019effectue par esp\u00e8ces, ch\u00e8que, ou virement bancaire. Le non-respect des engagements de paiement rend exigible la totalit\u00e9 du solde d\u00fb. Toute carence dans le r\u00e8glement lib\u00e8re Philippe Tosi de ses engagements et conduit \u00e0 l\u2019arr\u00eat de ses prestations.<\/p>\n\n\n\n<p>Si le client souhaite annuler une prestation pour laquelle un devis a \u00e9t\u00e9 sign\u00e9, il doit en informer L&rsquo;Observatoire Astronomique du Val-de-Sos par \u00e9crit. Si la r\u00e9alisation de la prestation n\u2019a pas commenc\u00e9, les sommes d\u00e9j\u00e0 vers\u00e9es seraient imm\u00e9diatement rembours\u00e9es. En cas d\u2019annulation par le client d\u2019une commande en cours de r\u00e9alisation, quelle qu\u2019en soit la cause, le client devra s\u2019acquitter de la totalit\u00e9 du travail d\u00e9j\u00e0 r\u00e9alis\u00e9.<\/p>\n\n\n\n<p>Si, pour quelque raison que ce soit ou en cas de force majeure (m\u00e9t\u00e9o, maladie, d\u00e9faillance technique, etc.), il \u00e9tait impossible \u00e0 Philippe Tosi de satisfaire une commande pr\u00e9vue, le client en serait averti, et les sommes d\u00e9j\u00e0 vers\u00e9es seraient int\u00e9gralement rembours\u00e9es.<\/p>\n\n\n\n<p>Si, au cours de l\u2019ex\u00e9cution de la prestation, le client souhaitait modifier ou ajouter de nouvelles prestations, un nouveau devis pourrait \u00eatre \u00e9tabli en fonction de la nature des services suppl\u00e9mentaires demand\u00e9s.<\/p>\n\n\n\n<p>L&rsquo;Observatoire Astronomique du Val-de-Sos s\u2019engage \u00e0 mener \u00e0 bien les prestations propos\u00e9es sur son site internet conform\u00e9ment aux r\u00e8gles de l\u2019art et de la meilleure mani\u00e8re. La pr\u00e9sente obligation est, de convention expresse, une obligation de moyens, non de r\u00e9sultats.<\/p>\n\n\n\n<p>Philipp Tosi garantit une parfaite confidentialit\u00e9 des fichiers informatiques, documents, informations et donn\u00e9es personnelles, qui ne sont en aucun cas vendus, transmis ou communiqu\u00e9s \u00e0 quiconque, par quelque moyen que ce soit.<\/p>\n\n\n\n<p>En revanche, pour appuyer ses r\u00e9f\u00e9rences, l&rsquo;Observatoire Astronomique du Val-de-Sos est susceptible de publier sur ses documents et son site le nom, et le type de travaux r\u00e9alis\u00e9s. Le client en est inform\u00e9 et peut librement s\u2019y opposer, en en faisant la demande par \u00e9crit.<\/p>\n\n\n\n<p>L&rsquo;Observatoire Astronomique du Val-de-Sos se r\u00e9serve la possibilit\u00e9 de ne pas donner suite \u00e0 une demande ou d\u2019interrompre une prestation ne respectant pas les termes du devis.<\/p>\n\n\n\n<p>Les documents \u00e9tant transmis par voie \u00e9lectronique ou par voie postale, Philippe Tosi ne pourra \u00eatre tenu&nbsp;pour responsable d\u2019\u00e9ventuels dysfonctionnements (mauvaises r\u00e9ceptions, retards, pertes, vols, incompatibilit\u00e9 de fichiers, dysfonctionnement de r\u00e9seau internet, etc.).<\/p>\n\n\n\n<h2 class=\"wp-block-heading\">DROIT APPLICABLE&nbsp;<\/h2>\n\n\n\n<p>Les pr\u00e9sentes conditions g\u00e9n\u00e9rales de vente sont soumises au droit fran\u00e7ais.<\/p>\n\n\n\n<p>En cas de litige, le client contactera l&rsquo;Observatoire Astronomique du Val-de-Sos dans un d\u00e9lai de sept jours apr\u00e8s la prestation afin qu\u2019une solution amiable soit recherch\u00e9e. \u00c0 d\u00e9faut d\u2019accord entre les parties, le litige sera de la comp\u00e9tence exclusive des tribunaux du ressort du si\u00e8ge social de l&rsquo;Observatoire Astronomique du Val-de-Sos.<\/p>\n\n\n\n<p>Le devis sign\u00e9 et les pr\u00e9sentes Conditions g\u00e9n\u00e9rales de vente constitueront la preuve de l\u2019accord entre les deux parties pour faire valoir ce que de droit.<\/p>\n\n\n\n<h2 class=\"wp-block-heading\">LIENS<\/h2>\n\n\n\n<p>Liens sortants : Le propri\u00e9taire du site d\u00e9cline toute responsabilit\u00e9 et n\u2019est pas engag\u00e9 par le r\u00e9f\u00e9rencement via des liens hypertextes, de ressources tierces pr\u00e9sentes sur le r\u00e9seau Internet, tant en ce qui concerne leur contenu que leur pertinence.<\/p>\n\n\n\n<p>Liens entrants : Le propri\u00e9taire du site autorise les liens hypertextes vers l\u2019une des pages de ce site, \u00e0 condition que ceux-ci ouvrent une nouvelle fen\u00eatre et soient pr\u00e9sent\u00e9s de mani\u00e8re non \u00e9quivoque afin d\u2019\u00e9viter :<\/p>\n\n\n\n<ul class=\"wp-block-list\">\n<li>tout risque de confusion entre le site citant et le propri\u00e9taire du site<\/li>\n\n\n\n<li>ainsi que toute pr\u00e9sentation tendancieuse, ou contraire aux lois en vigueur.<\/li>\n<\/ul>\n\n\n\n<p>Le propri\u00e9taire du site se r\u00e9serve le droit de demander la suppression d\u2019un lien s\u2019il estime que le site source ne respecte pas les r\u00e8gles ainsi d\u00e9finies.<\/p>\n\n\n\n<h2 class=\"wp-block-heading\">CONFIDENTIALIT\u00c9<\/h2>\n\n\n\n<p>Loi informatique et libert\u00e9 : Les donn\u00e9es recueillies sur le site internet restent confidentielles et sont uniquement r\u00e9serv\u00e9es \u00e0 un usage interne \u00e0 l&rsquo;Observatoire Astronomique du Val-de-Sos, responsable de leur traitement. Elles sont conserv\u00e9es pour une dur\u00e9e maximale de 3 ans et ne peuvent en aucun cas \u00eatre communiqu\u00e9es ou c\u00e9d\u00e9es \u00e0 des tiers. Conform\u00e9ment aux dispositions de la loi 78-17 du 6 janvier 1978 modifi\u00e9e, l\u2019Utilisateur dispose d\u2019un droit d\u2019acc\u00e8s, de modification et de suppression des informations collect\u00e9es par l&rsquo;Observatoire Astronomique du Val-de-Sos. Pour exercer ce droit, il reviendra \u00e0 l\u2019Utilisateur d\u2019envoyer un message \u00e0 l\u2019adresse suivante :&nbsp;<a href=\"mailto:philastro09@orange.fr\" target=\"_blank\" rel=\"noreferrer noopener\">philastro09@orange.fr<\/a><\/p>\n\n\n\n<h2 class=\"wp-block-heading\">CNIL ET GESTION DES DONNEES PERSONNELLES<\/h2>\n\n\n\n<p>Conform\u00e9ment aux dispositions de&nbsp;<a target=\"_blank\" href=\"https:\/\/www.legifrance.gouv.fr\/affichTexte.do?cidTexte=JORFTEXT000000886460\" rel=\"noreferrer noopener\">la loi 78-17 du 6 janvier 1978 modifi\u00e9e<\/a>, l\u2019utilisateur du site&nbsp;<a target=\"_blank\" href=\"https:\/\/observatoireduvaldesos.fr\/\" rel=\"noreferrer noopener\">Accueil &#8211; OAVS<\/a>&nbsp; dispose d\u2019un droit d\u2019acc\u00e8s, de modification et de suppression des informations collect\u00e9es. Pour exercer ce droit, envoyez un message \u00e0 Philippe Tosi \u2013 Courriel :&nbsp;&nbsp;<a href=\"mailto:philastro09@orange.fr\" target=\"_blank\" rel=\"noreferrer noopener\">philastro09@orange.fr<\/a><\/p>\n\n\n\n<p>Pour plus d\u2019informations sur la fa\u00e7on dont nous traitons vos donn\u00e9es (type de donn\u00e9es, finalit\u00e9, destinataire\u2026), lisez notre&nbsp;<a target=\"_blank\" href=\"https:\/\/www.deux-mains-sans-fautes.com\/politique-de-confidentialite\/\" rel=\"noreferrer noopener\">Politique de Confidentialit\u00e9<\/a>.<\/p>\n\n\n\n<p>Il est \u00e9galement possible de&nbsp;<a target=\"_blank\" href=\"https:\/\/www.cnil.fr\/fr\/plaintes\" rel=\"noreferrer noopener\">d\u00e9poser une r\u00e9clamation aupr\u00e8s de la CNIL<\/a>.<\/p>\n\n\n\n<p>Annonce<\/p>\n\n\n\n<figure class=\"wp-block-embed\"><div class=\"wp-block-embed__wrapper\">\nhttps:\/\/observatoireduvaldesos.fr\/wp-admin\/post.php?post=570&#038;action=edit\n<\/div><\/figure>\n","protected":false},"excerpt":{"rendered":"<p>IDENTIT\u00c9 Conform\u00e9ment aux dispositions de la loi n\u00b0 2004-575 du 21 juin 2004 pour la confiance en l\u2019\u00e9conomie num\u00e9rique, il est pr\u00e9cis\u00e9 aux utilisateurs du site&nbsp;Observatoire Astronomique du Val-de-Sos,&nbsp;l\u2019identit\u00e9 des [&hellip;]<\/p>\n","protected":false},"author":1,"featured_media":0,"parent":0,"menu_order":0,"comment_status":"closed","ping_status":"closed","template":"","meta":{"footnotes":""},"class_list":["post-570","page","type-page","status-publish","hentry"],"yoast_head":"<!-- This site is optimized with the Yoast SEO plugin v27.0 - https:\/\/yoast.com\/product\/yoast-seo-wordpress\/ -->\n<title>Mentions l\u00e9gales - OAVS<\/title>\n<meta name=\"description\" content=\"Observatoire Astronomique du val de sos\" \/>\n<meta name=\"robots\" content=\"index, follow, max-snippet:-1, max-image-preview:large, max-video-preview:-1\" \/>\n<link rel=\"canonical\" href=\"https:\/\/observatoireduvaldesos.fr\/index.php\/mentions-legales\/\" \/>\n<meta property=\"og:locale\" content=\"fr_FR\" \/>\n<meta property=\"og:type\" content=\"article\" \/>\n<meta property=\"og:title\" content=\"Mentions l\u00e9gales - OAVS\" \/>\n<meta property=\"og:description\" content=\"Observatoire Astronomique du val de sos\" \/>\n<meta property=\"og:url\" content=\"https:\/\/observatoireduvaldesos.fr\/index.php\/mentions-legales\/\" \/>\n<meta property=\"og:site_name\" content=\"OAVS\" \/>\n<meta property=\"article:modified_time\" content=\"2026-01-25T12:58:20+00:00\" \/>\n<meta property=\"og:image\" content=\"https:\/\/observatoireduvaldesos.fr\/wp-content\/uploads\/2026\/01\/Lunette-solaire.jpg\" \/>\n\t<meta property=\"og:image:width\" content=\"2048\" \/>\n\t<meta property=\"og:image:height\" content=\"1384\" \/>\n\t<meta property=\"og:image:type\" content=\"image\/jpeg\" \/>\n<meta name=\"twitter:card\" content=\"summary_large_image\" \/>\n<meta name=\"twitter:label1\" content=\"Dur\u00e9e de lecture estim\u00e9e\" \/>\n\t<meta name=\"twitter:data1\" content=\"7 minutes\" \/>\n<script type=\"application\/ld+json\" class=\"yoast-schema-graph\">{\"@context\":\"https:\/\/schema.org\",\"@graph\":[{\"@type\":\"WebPage\",\"@id\":\"https:\/\/observatoireduvaldesos.fr\/index.php\/mentions-legales\/\",\"url\":\"https:\/\/observatoireduvaldesos.fr\/index.php\/mentions-legales\/\",\"name\":\"Mentions l\u00e9gales - OAVS\",\"isPartOf\":{\"@id\":\"https:\/\/observatoireduvaldesos.fr\/#website\"},\"datePublished\":\"2026-01-24T16:51:03+00:00\",\"dateModified\":\"2026-01-25T12:58:20+00:00\",\"description\":\"Observatoire Astronomique du val de sos\",\"breadcrumb\":{\"@id\":\"https:\/\/observatoireduvaldesos.fr\/index.php\/mentions-legales\/#breadcrumb\"},\"inLanguage\":\"fr-FR\",\"potentialAction\":[{\"@type\":\"ReadAction\",\"target\":[\"https:\/\/observatoireduvaldesos.fr\/index.php\/mentions-legales\/\"]}]},{\"@type\":\"BreadcrumbList\",\"@id\":\"https:\/\/observatoireduvaldesos.fr\/index.php\/mentions-legales\/#breadcrumb\",\"itemListElement\":[{\"@type\":\"ListItem\",\"position\":1,\"name\":\"Accueil\",\"item\":\"https:\/\/observatoireduvaldesos.fr\/\"},{\"@type\":\"ListItem\",\"position\":2,\"name\":\"Mentions l\u00e9gales\"}]},{\"@type\":\"WebSite\",\"@id\":\"https:\/\/observatoireduvaldesos.fr\/#website\",\"url\":\"https:\/\/observatoireduvaldesos.fr\/\",\"name\":\"Observatoire Astronomique du Val-de-Sos\",\"description\":\"Observatoire Astronomique du Val-de-Sos\",\"publisher\":{\"@id\":\"https:\/\/observatoireduvaldesos.fr\/#\/schema\/person\/b31f59a9366e5780dd9f14282d8d240b\"},\"alternateName\":\"Oavs\",\"potentialAction\":[{\"@type\":\"SearchAction\",\"target\":{\"@type\":\"EntryPoint\",\"urlTemplate\":\"https:\/\/observatoireduvaldesos.fr\/?s={search_term_string}\"},\"query-input\":{\"@type\":\"PropertyValueSpecification\",\"valueRequired\":true,\"valueName\":\"search_term_string\"}}],\"inLanguage\":\"fr-FR\"},{\"@type\":[\"Person\",\"Organization\"],\"@id\":\"https:\/\/observatoireduvaldesos.fr\/#\/schema\/person\/b31f59a9366e5780dd9f14282d8d240b\",\"name\":\"admin8189\",\"image\":{\"@type\":\"ImageObject\",\"inLanguage\":\"fr-FR\",\"@id\":\"https:\/\/observatoireduvaldesos.fr\/#\/schema\/person\/image\/\",\"url\":\"https:\/\/observatoireduvaldesos.fr\/wp-content\/uploads\/2026\/01\/cropped-Nouveau-LOGO-scaled-1.jpg\",\"contentUrl\":\"https:\/\/observatoireduvaldesos.fr\/wp-content\/uploads\/2026\/01\/cropped-Nouveau-LOGO-scaled-1.jpg\",\"width\":512,\"height\":512,\"caption\":\"admin8189\"},\"logo\":{\"@id\":\"https:\/\/observatoireduvaldesos.fr\/#\/schema\/person\/image\/\"},\"sameAs\":[\"http:\/\/observatoireduvaldesos.fr\"]}]}<\/script>\n<!-- \/ Yoast SEO plugin. -->","yoast_head_json":{"title":"Mentions l\u00e9gales - OAVS","description":"Observatoire Astronomique du val de sos","robots":{"index":"index","follow":"follow","max-snippet":"max-snippet:-1","max-image-preview":"max-image-preview:large","max-video-preview":"max-video-preview:-1"},"canonical":"https:\/\/observatoireduvaldesos.fr\/index.php\/mentions-legales\/","og_locale":"fr_FR","og_type":"article","og_title":"Mentions l\u00e9gales - OAVS","og_description":"Observatoire Astronomique du val de sos","og_url":"https:\/\/observatoireduvaldesos.fr\/index.php\/mentions-legales\/","og_site_name":"OAVS","article_modified_time":"2026-01-25T12:58:20+00:00","og_image":[{"width":2048,"height":1384,"url":"https:\/\/observatoireduvaldesos.fr\/wp-content\/uploads\/2026\/01\/Lunette-solaire.jpg","type":"image\/jpeg"}],"twitter_card":"summary_large_image","twitter_misc":{"Dur\u00e9e de lecture estim\u00e9e":"7 minutes"},"schema":{"@context":"https:\/\/schema.org","@graph":[{"@type":"WebPage","@id":"https:\/\/observatoireduvaldesos.fr\/index.php\/mentions-legales\/","url":"https:\/\/observatoireduvaldesos.fr\/index.php\/mentions-legales\/","name":"Mentions l\u00e9gales - OAVS","isPartOf":{"@id":"https:\/\/observatoireduvaldesos.fr\/#website"},"datePublished":"2026-01-24T16:51:03+00:00","dateModified":"2026-01-25T12:58:20+00:00","description":"Observatoire Astronomique du val de sos","breadcrumb":{"@id":"https:\/\/observatoireduvaldesos.fr\/index.php\/mentions-legales\/#breadcrumb"},"inLanguage":"fr-FR","potentialAction":[{"@type":"ReadAction","target":["https:\/\/observatoireduvaldesos.fr\/index.php\/mentions-legales\/"]}]},{"@type":"BreadcrumbList","@id":"https:\/\/observatoireduvaldesos.fr\/index.php\/mentions-legales\/#breadcrumb","itemListElement":[{"@type":"ListItem","position":1,"name":"Accueil","item":"https:\/\/observatoireduvaldesos.fr\/"},{"@type":"ListItem","position":2,"name":"Mentions l\u00e9gales"}]},{"@type":"WebSite","@id":"https:\/\/observatoireduvaldesos.fr\/#website","url":"https:\/\/observatoireduvaldesos.fr\/","name":"Observatoire Astronomique du Val-de-Sos","description":"Observatoire Astronomique du Val-de-Sos","publisher":{"@id":"https:\/\/observatoireduvaldesos.fr\/#\/schema\/person\/b31f59a9366e5780dd9f14282d8d240b"},"alternateName":"Oavs","potentialAction":[{"@type":"SearchAction","target":{"@type":"EntryPoint","urlTemplate":"https:\/\/observatoireduvaldesos.fr\/?s={search_term_string}"},"query-input":{"@type":"PropertyValueSpecification","valueRequired":true,"valueName":"search_term_string"}}],"inLanguage":"fr-FR"},{"@type":["Person","Organization"],"@id":"https:\/\/observatoireduvaldesos.fr\/#\/schema\/person\/b31f59a9366e5780dd9f14282d8d240b","name":"admin8189","image":{"@type":"ImageObject","inLanguage":"fr-FR","@id":"https:\/\/observatoireduvaldesos.fr\/#\/schema\/person\/image\/","url":"https:\/\/observatoireduvaldesos.fr\/wp-content\/uploads\/2026\/01\/cropped-Nouveau-LOGO-scaled-1.jpg","contentUrl":"https:\/\/observatoireduvaldesos.fr\/wp-content\/uploads\/2026\/01\/cropped-Nouveau-LOGO-scaled-1.jpg","width":512,"height":512,"caption":"admin8189"},"logo":{"@id":"https:\/\/observatoireduvaldesos.fr\/#\/schema\/person\/image\/"},"sameAs":["http:\/\/observatoireduvaldesos.fr"]}]}},"_links":{"self":[{"href":"https:\/\/observatoireduvaldesos.fr\/index.php\/wp-json\/wp\/v2\/pages\/570","targetHints":{"allow":["GET"]}}],"collection":[{"href":"https:\/\/observatoireduvaldesos.fr\/index.php\/wp-json\/wp\/v2\/pages"}],"about":[{"href":"https:\/\/observatoireduvaldesos.fr\/index.php\/wp-json\/wp\/v2\/types\/page"}],"author":[{"embeddable":true,"href":"https:\/\/observatoireduvaldesos.fr\/index.php\/wp-json\/wp\/v2\/users\/1"}],"replies":[{"embeddable":true,"href":"https:\/\/observatoireduvaldesos.fr\/index.php\/wp-json\/wp\/v2\/comments?post=570"}],"version-history":[{"count":2,"href":"https:\/\/observatoireduvaldesos.fr\/index.php\/wp-json\/wp\/v2\/pages\/570\/revisions"}],"predecessor-version":[{"id":574,"href":"https:\/\/observatoireduvaldesos.fr\/index.php\/wp-json\/wp\/v2\/pages\/570\/revisions\/574"}],"wp:attachment":[{"href":"https:\/\/observatoireduvaldesos.fr\/index.php\/wp-json\/wp\/v2\/media?parent=570"}],"curies":[{"name":"wp","href":"https:\/\/api.w.org\/{rel}","templated":true}]}}